{"id":17619,"date":"2025-01-28T15:47:38","date_gmt":"2025-01-28T15:47:38","guid":{"rendered":"https:\/\/oceansupercluster.ca\/?page_id=17619"},"modified":"2025-05-16T18:47:44","modified_gmt":"2025-05-16T18:47:44","slug":"ambition-2035-summit","status":"publish","type":"page","link":"https:\/\/oceansupercluster.ca\/fr\/ambition-2035-summit\/","title":{"rendered":"Sommet Ambition 2035"},"content":{"rendered":"<div class=\"wpb-content-wrapper\"><div class=\"g-container\">[vc_section css=\u00a0\u00bb.vc_custom_1738176113853{padding-top: 75px !important;padding-bottom: 75px !important;}\u00a0\u00bb][vc_row][vc_column width=\u00a0\u00bb1\/4&Prime;][vc_column_text css=\u00a0\u00bb\u00a0\u00bb]<\/p>\n<h2>\u00c0 propos de l\u2019\u00e9v\u00e9nement<\/h2>\n<p>[\/vc_column_text][\/vc_column][vc_column width=\u00a0\u00bb3\/4&Prime;][vc_column_text css=\u00a0\u00bb\u00a0\u00bb]<\/p>\n<h3><span style=\"color: #466db4;\">Le Sommet Ambition 2035 se tiendra \u00e0 Ottawa du 21 au 23 mai 2025!<\/span><\/h3>\n<p>C\u2019est votre chance de participer \u00e0 la propulsion de notre comp\u00e9titivit\u00e9 mondiale vers de nouveaux sommets. Joignez-vous \u00e0 nous pour plonger dans les plus r\u00e9centes connaissances, recherches et strat\u00e9gies novatrices du secteur. Saisissez la plus grande occasion \u00e9conomique du Canada et forgez de nouvelles collaborations, de nouveaux partenariats et de nouvelles possibilit\u00e9s de croissance.<\/p>\n<p>Participez \u00e0 ce cheminement de transformation. Le temps est VENU![\/vc_column_text][vc_btn title=\u00a0\u00bbInscrivez-vous maintenant!\u00a0\u00bb style=\u00a0\u00bbcustom\u00a0\u00bb custom_background=\u00a0\u00bb#446DB4&Prime; custom_text=\u00a0\u00bb#FFFFFF\u00a0\u00bb shape=\u00a0\u00bbsquare\u00a0\u00bb css=\u00a0\u00bb\u00a0\u00bb link=\u00a0\u00bburl:https%3A%2F%2Fwww.eventbrite.ca%2Fe%2Fambition-2035-summit-tickets-1107239205269%3Faff%3Doddtdtcreator\u00a0\u00bb][vc_separator css=\u00a0\u00bb.vc_custom_1740169212864{padding-top: 10px !important;padding-bottom: 25px !important;}\u00a0\u00bb][vc_column_text css=\u00a0\u00bb\u00a0\u00bb]<\/p>\n<h3><span style=\"color: #466db4;\" data-olk-copy-source=\"MessageBody\">Le sommet Ambition 2035 comprendra des s\u00e9ances portant sur\u00a0:<\/span><\/h3>\n<p>[\/vc_column_text][vc_row_inner][vc_column_inner width=\u00a0\u00bb1\/2&Prime;][vc_column_text css=\u00a0\u00bb\u00a0\u00bb]<\/p>\n<ul>\n<li><span data-olk-copy-source=\"MessageBody\">La productivit\u00e9 \u00e9conomique\u00a0<\/span><\/li>\n<li>Le transfert de technologie oc\u00e9an-espace<\/li>\n<li>La collaboration transfrontali\u00e8re<\/li>\n<li>La diversification de la cha\u00eene d&rsquo;approvisionnement<\/li>\n<\/ul>\n<p>[\/vc_column_text][\/vc_column_inner][vc_column_inner width=\u00a0\u00bb1\/2&Prime;][vc_column_text css=\u00a0\u00bb\u00a0\u00bb]<\/p>\n<ul>\n<li><span data-olk-copy-source=\"MessageBody\">La d\u00e9fense et les applications bivalentes\u00a0<\/span><\/li>\n<li>L\u2019expansion d&rsquo;entreprises oc\u00e9aniques<\/li>\n<li>L\u2019observation intelligente des oc\u00e9ans<\/li>\n<\/ul>\n<p>[\/vc_column_text][\/vc_column_inner][\/vc_row_inner][\/vc_column][\/vc_row][\/vc_section][vc_section full_width=\u00a0\u00bbstretch_row\u00a0\u00bb css=\u00a0\u00bb.vc_custom_1738175935578{padding-top: 100px !important;padding-bottom: 75px !important;background-color: #002936 !important;}\u00a0\u00bb][vc_row][vc_column width=\u00a0\u00bb1\/4&Prime;][vc_column_text css=\u00a0\u00bb\u00a0\u00bb]<\/p>\n<h2><span style=\"color: #ffffff;\">Pourquoi y assister?<\/span><\/h2>\n<p>[\/vc_column_text][\/vc_column][vc_column width=\u00a0\u00bb3\/4&Prime;][vc_column_text css=\u00a0\u00bb\u00a0\u00bb]<\/p>\n<ul>\n<li><span style=\"color: #ffffff;\"><strong>Entendre des dialogues cibl\u00e9s :<\/strong>\u00a0\u00c9coutez des experts de premier plan discuter de certaines des plus grandes possibilit\u00e9s pour l\u2019\u00e9conomie canadienne, y compris la transition \u00e9nerg\u00e9tique, l\u2019avenir des transports, les produits de la mer durables, les solutions climatiques oc\u00e9aniques, la collaboration internationale, l\u2019avenir de la main-d\u2019\u0153uvre oc\u00e9anique et plus encore.<\/span><\/li>\n<li><span style=\"color: #ffffff;\"><strong>Obtenir des connaissances approfondies :<\/strong>\u00a0Obtenez des connaissances exclusives et contribuez \u00e0 fa\u00e7onner des plans de mise en \u0153uvre de strat\u00e9gies sur l\u2019IA oc\u00e9anique, la bio\u00e9conomie bleue, l\u2019avenir de la main-d\u2019\u0153uvre, l\u2019hydrog\u00e8ne, l\u2019innovation dans l\u2019oc\u00e9an Arctique et au-del\u00e0.<\/span><\/li>\n<li><span style=\"color: #ffffff;\"><strong>D\u00e9couvrir des id\u00e9es et des innovations de pointe :<\/strong><strong>\u00a0<\/strong>\u00c9coutez les entreprises oc\u00e9aniques en d\u00e9marrage \u00e9mergentes \u00e0 potentiel \u00e9lev\u00e9 parler de leurs innovations audacieuses.<\/span><\/li>\n<li><span style=\"color: #ffffff;\"><strong>Collaborer et se connecter :<\/strong>\u00a0R\u00e9seauter dans nos espaces de collaboration d\u00e9di\u00e9s gr\u00e2ce \u00e0 des rencontres \u00e0 deux et des offres d\u2019ateliers cibl\u00e9s.<\/span><\/li>\n<\/ul>\n<p>[\/vc_column_text][\/vc_column][\/vc_row][\/vc_section][vc_section full_width=\u00a0\u00bbstretch_row\u00a0\u00bb css=\u00a0\u00bb.vc_custom_1741273541842{padding-top: 75px !important;padding-bottom: 75px !important;background-color: #052B38 !important;}\u00a0\u00bb][vc_row][vc_column][vc_tta_tour][vc_tta_section title=\u00a0\u00bbJour 1&Prime; tab_id=\u00a0\u00bb1741267355782-3c809c78-c12d\u00a0\u00bb][vc_column_text css=\u00a0\u00bb.vc_custom_1741703824417{padding-top: 25px !important;padding-left: 25px !important;}\u00a0\u00bb]<\/p>\n<h2><span style=\"color: #216efa;\">Jour 1<\/span><br \/>\n<span style=\"color: #216efa;\">Mercredi 21 mai 2025<\/span><\/h2>\n<p>[\/vc_column_text][vc_separator css=\u00a0\u00bb.vc_custom_1741703835772{padding-bottom: 25px !important;padding-left: 25px !important;}\u00a0\u00bb][vc_column_text css=\u00a0\u00bb.vc_custom_1747252127002{padding-left: 25px !important;}\u00a0\u00bb]<strong data-start=\"78\" data-end=\"93\">7h30 \u00e0 9h00<\/strong> Inscription, d\u00e9jeuner continental et r\u00e9seautage[\/vc_column_text][vc_separator css=\u00a0\u00bb.vc_custom_1741272497047{padding-bottom: 25px !important;}\u00a0\u00bb][vc_column_text css=\u00a0\u00bb.vc_custom_1747252155980{padding-left: 25px !important;}\u00a0\u00bb]<strong data-start=\"147\" data-end=\"162\">9h00 \u00e0 9h20 <\/strong>Allocution d\u2019ouverture et reconnaissance du territoire autochtone[\/vc_column_text][vc_row_inner css=\u00a0\u00bb.vc_custom_1741272861577{padding-right: 25px !important;padding-left: 25px !important;}\u00a0\u00bb][vc_column_inner width=\u00a0\u00bb1\/5&Prime;][vc_single_image image=\u00a0\u00bb17701&Prime; alignment=\u00a0\u00bbcenter\u00a0\u00bb css=\u00a0\u00bb\u00a0\u00bb][vc_column_text css=\u00a0\u00bb\u00a0\u00bb]<\/p>\n<p style=\"text-align: center;\"><strong>Kendra MacDonald<\/strong><br \/>\nDirectrice g\u00e9n\u00e9rale de Supergrappe des oc\u00e9ans du Canada<\/p>\n<p>[\/vc_column_text][\/vc_column_inner][vc_column_inner width=\u00a0\u00bb1\/5&Prime;][vc_single_image image=\u00a0\u00bb19177&Prime; alignment=\u00a0\u00bbcenter\u00a0\u00bb css=\u00a0\u00bb\u00a0\u00bb][vc_column_text css=\u00a0\u00bb\u00a0\u00bb]<\/p>\n<p style=\"text-align: center;\"><strong>Verna McGregor<\/strong><br \/>\n<span data-olk-copy-source=\"MessageBody\">Pr\u00e9sidente de l\u2019Algonquin Culture Institute<\/span><\/p>\n<p>[\/vc_column_text][\/vc_column_inner][vc_column_inner width=\u00a0\u00bb1\/5&Prime;][\/vc_column_inner][vc_column_inner width=\u00a0\u00bb1\/5&Prime;][\/vc_column_inner][vc_column_inner width=\u00a0\u00bb1\/5&Prime;][\/vc_column_inner][\/vc_row_inner][vc_separator css=\u00a0\u00bb.vc_custom_1741703843657{padding-bottom: 25px !important;padding-left: 25px !important;}\u00a0\u00bb][vc_column_text css=\u00a0\u00bb.vc_custom_1747252195201{padding-left: 25px !important;}\u00a0\u00bb]<strong data-start=\"212\" data-end=\"228\">9h20 \u00e0 9h50 <\/strong>Le moment est venu : Prioriser l\u2019\u00e9conomie oc\u00e9anique du Canada[\/vc_column_text][vc_row_inner css=\u00a0\u00bb.vc_custom_1741272861577{padding-right: 25px !important;padding-left: 25px !important;}\u00a0\u00bb][vc_column_inner width=\u00a0\u00bb1\/5&Prime;][vc_single_image image=\u00a0\u00bb17701&Prime; alignment=\u00a0\u00bbcenter\u00a0\u00bb css=\u00a0\u00bb\u00a0\u00bb][vc_column_text css=\u00a0\u00bb\u00a0\u00bb]<\/p>\n<p style=\"text-align: center;\"><strong>Kendra MacDonald<\/strong><br \/>\nDirectrice g\u00e9n\u00e9rale de Supergrappe des oc\u00e9ans du Canada<\/p>\n<p>[\/vc_column_text][\/vc_column_inner][vc_column_inner width=\u00a0\u00bb1\/5&Prime;][vc_single_image image=\u00a0\u00bb17699&Prime; alignment=\u00a0\u00bbcenter\u00a0\u00bb css=\u00a0\u00bb\u00a0\u00bb][vc_column_text css=\u00a0\u00bb\u00a0\u00bb]<\/p>\n<p style=\"text-align: center;\"><b><span data-contrast=\"auto\">John Risley<br \/>\n<\/span><\/b>Pr\u00e9sident du Conseil d\u2019administration de Supergrappe des oc\u00e9ans du Canada<\/p>\n<p>[\/vc_column_text][\/vc_column_inner][vc_column_inner width=\u00a0\u00bb1\/5&Prime;][vc_single_image image=\u00a0\u00bb17912&Prime; alignment=\u00a0\u00bbcenter\u00a0\u00bb css=\u00a0\u00bb\u00a0\u00bb][vc_column_text css=\u00a0\u00bb\u00a0\u00bb]<\/p>\n<p style=\"text-align: center;\"><strong>Iain Klugman<\/strong><br \/>\nPDG de NorthGuide<\/p>\n<p>[\/vc_column_text][\/vc_column_inner][vc_column_inner width=\u00a0\u00bb1\/5&Prime;][\/vc_column_inner][vc_column_inner width=\u00a0\u00bb1\/5&Prime;][\/vc_column_inner][\/vc_row_inner][vc_separator css=\u00a0\u00bb.vc_custom_1741703184437{padding-bottom: 25px !important;padding-left: 25px !important;}\u00a0\u00bb][vc_column_text css=\u00a0\u00bb.vc_custom_1745861993261{padding-left: 25px !important;}\u00a0\u00bb]<strong>9h50 \u00e0 10h40 <\/strong>Feuille de route vers Ambition\u00a0: Progr\u00e8s et prochaines \u00e9tapes[\/vc_column_text][vc_row_inner css=\u00a0\u00bb.vc_custom_1741272861577{padding-right: 25px !important;padding-left: 25px !important;}\u00a0\u00bb][vc_column_inner width=\u00a0\u00bb1\/5&Prime;][vc_single_image image=\u00a0\u00bb18183&Prime; alignment=\u00a0\u00bbcenter\u00a0\u00bb css=\u00a0\u00bb\u00a0\u00bb][vc_column_text css=\u00a0\u00bb\u00a0\u00bb]<\/p>\n<p style=\"text-align: center;\"><span data-olk-copy-source=\"MessageBody\"><strong>Craig Haney<\/strong><br \/>\nDirecteur des entreprises de AltaML\u00a0<\/span><\/p>\n<p>[\/vc_column_text][\/vc_column_inner][vc_column_inner width=\u00a0\u00bb1\/5&Prime;][vc_single_image image=\u00a0\u00bb18234&Prime; alignment=\u00a0\u00bbcenter\u00a0\u00bb css=\u00a0\u00bb\u00a0\u00bb][vc_column_text css=\u00a0\u00bb\u00a0\u00bb]<\/p>\n<p style=\"text-align: center;\"><span data-olk-copy-source=\"MessageBody\"><strong>Elisa Oberman<\/strong><br \/>\nDirectrice g\u00e9n\u00e9rale de Marine Renewables Canada\u00a0\u00a0<\/span><\/p>\n<p>[\/vc_column_text][\/vc_column_inner][vc_column_inner width=\u00a0\u00bb1\/5&Prime;][vc_single_image image=\u00a0\u00bb18588&Prime; alignment=\u00a0\u00bbcenter\u00a0\u00bb css=\u00a0\u00bb\u00a0\u00bb][vc_column_text css=\u00a0\u00bb\u00a0\u00bb]<\/p>\n<p style=\"text-align: center;\"><span data-olk-copy-source=\"MessageBody\"><strong>Adam Fisher<\/strong><br \/>\nSous-ministre par int\u00e9rim du D\u00e9veloppement \u00e9conomique du gouvernement du Nunavut<\/span><\/p>\n<p>[\/vc_column_text][\/vc_column_inner][vc_column_inner width=\u00a0\u00bb1\/5&Prime;][vc_single_image image=\u00a0\u00bb18181&Prime; alignment=\u00a0\u00bbcenter\u00a0\u00bb css=\u00a0\u00bb\u00a0\u00bb][vc_column_text css=\u00a0\u00bb\u00a0\u00bb]<\/p>\n<p style=\"text-align: center;\"><span data-olk-copy-source=\"MessageBody\"><strong>Rory Francis<\/strong><br \/>\nPDG de PEI BioAlliance<br \/>\n<\/span><\/p>\n<p>[\/vc_column_text][\/vc_column_inner][vc_column_inner width=\u00a0\u00bb1\/5&Prime;][vc_single_image image=\u00a0\u00bb18800&Prime; alignment=\u00a0\u00bbcenter\u00a0\u00bb css=\u00a0\u00bb\u00a0\u00bb][vc_column_text css=\u00a0\u00bb\u00a0\u00bb]<\/p>\n<p style=\"text-align: center;\"><strong>Akash Rastogi<br \/>\n<\/strong><span data-olk-copy-source=\"MessageBody\">Conseiller en strat\u00e9gie de SOC<\/span><\/p>\n<p>[\/vc_column_text][\/vc_column_inner][\/vc_row_inner][vc_separator css=\u00a0\u00bb.vc_custom_1741703200381{padding-bottom: 25px !important;padding-left: 25px !important;}\u00a0\u00bb][vc_column_text css=\u00a0\u00bb.vc_custom_1745862089108{padding-left: 25px !important;}\u00a0\u00bb]<strong data-start=\"525\" data-end=\"542\">10h40 \u00e0 10h55 <\/strong>Pause[\/vc_column_text][vc_separator css=\u00a0\u00bb.vc_custom_1741703191965{padding-bottom: 25px !important;padding-left: 25px !important;}\u00a0\u00bb][vc_column_text css=\u00a0\u00bb.vc_custom_1747252398635{padding-left: 25px !important;}\u00a0\u00bb]<strong>10h55 \u00e0 11h25 <\/strong><span class=\"OYPEnA font-feature-liga-off font-feature-clig-off font-feature-calt-off text-decoration-none text-strikethrough-none\">D\u00e9fis et possibilit\u00e9s en mati\u00e8re de productivit\u00e9 au Canada<\/span><strong><br \/>\n<\/strong>[\/vc_column_text][vc_row_inner css=\u00a0\u00bb.vc_custom_1741272861577{padding-right: 25px !important;padding-left: 25px !important;}\u00a0\u00bb][vc_column_inner width=\u00a0\u00bb1\/5&Prime;][vc_single_image image=\u00a0\u00bb18475&Prime; alignment=\u00a0\u00bbcenter\u00a0\u00bb css=\u00a0\u00bb\u00a0\u00bb][vc_column_text css=\u00a0\u00bb\u00a0\u00bb]<\/p>\n<p style=\"text-align: center;\"><strong>Gina Pecore<\/strong><br \/>\nPDG, Genoa Design<\/p>\n<p>[\/vc_column_text][\/vc_column_inner][vc_column_inner width=\u00a0\u00bb1\/5&Prime;][vc_single_image image=\u00a0\u00bb18480&Prime; alignment=\u00a0\u00bbcenter\u00a0\u00bb css=\u00a0\u00bb\u00a0\u00bb][vc_column_text css=\u00a0\u00bb\u00a0\u00bb]<\/p>\n<p style=\"text-align: center;\"><strong><span class=\"markwnblcmxaz\" data-markjs=\"true\" data-ogac=\"\" data-ogab=\"\" data-ogsc=\"\" data-ogsb=\"\" data-olk-copy-source=\"MessageBody\">Jay<\/span>\u00a0<\/strong><span class=\"markrb6pk5dnf\" data-markjs=\"true\" data-ogac=\"\" data-ogab=\"\" data-ogsc=\"\" data-ogsb=\"\"><strong>Khosla<\/strong><br \/>\n<\/span>Directeur g\u00e9n\u00e9ral, Politiques \u00e9conomiques et \u00e9nerg\u00e9tiques, Forum des politiques publiques<\/p>\n<p>[\/vc_column_text][\/vc_column_inner][vc_column_inner width=\u00a0\u00bb1\/5&Prime;][vc_single_image image=\u00a0\u00bb19258&Prime; alignment=\u00a0\u00bbcenter\u00a0\u00bb css=\u00a0\u00bb\u00a0\u00bb][vc_column_text css=\u00a0\u00bb\u00a0\u00bb]<\/p>\n<p style=\"text-align: center;\"><span class=\"markrb6pk5dnf\" data-markjs=\"true\" data-ogac=\"\" data-ogab=\"\" data-ogsc=\"\" data-ogsb=\"\"><strong><span class=\"TextRun BCX8 SCXP69216738\" lang=\"EN-US\" xml:lang=\"EN-US\" data-scheme-color=\"@216EFA,,\" data-usefontface=\"true\" data-contrast=\"none\"><span class=\"NormalTextRun BCX8 SCXP69216738\">Mehrdad <\/span><\/span><span class=\"TextRun BCX8 SCXP69216738\" lang=\"EN-US\" xml:lang=\"EN-US\" data-scheme-color=\"@216EFA,,\" data-usefontface=\"true\" data-contrast=\"none\"><span class=\"NormalTextRun BCX8 SCXP69216738\">Hariri<\/span><\/span><\/strong><span class=\"EOP BCX8 SCXP69216738\">\u200b<\/span><br \/>\n<\/span><span class=\"TextRun SpellingErrorZoomed BCX8 SCXP204858071\" lang=\"EN-US\" xml:lang=\"EN-US\" data-usefontface=\"true\" data-contrast=\"none\"><span class=\"BCX8 SCXP204858071\">P<\/span><\/span><span class=\"TextRun SpellingErrorZoomed BCX8 SCXP204858071\" lang=\"EN-US\" xml:lang=\"EN-US\" data-usefontface=\"true\" data-contrast=\"none\"><span class=\"BCX8 SCXP204858071\">r\u00e9sident-directeur<\/span><\/span> <span class=\"TextRun SpellingErrorZoomed BCX8 SCXP204858071\" lang=\"EN-US\" xml:lang=\"EN-US\" data-usefontface=\"true\" data-contrast=\"none\"><span class=\"BCX8 SCXP204858071\">g\u00e9n\u00e9ral<\/span><\/span> <span class=\"TextRun BCX8 SCXP204858071\" lang=\"EN-US\" xml:lang=\"EN-US\" data-usefontface=\"true\" data-contrast=\"none\"><span class=\"NormalTextRun BCX8 SCXP204858071\">du <\/span><\/span><span class=\"TextRun BCX8 SCXP204858071\" lang=\"EN-US\" xml:lang=\"EN-US\" data-usefontface=\"true\" data-contrast=\"none\"><span class=\"NormalTextRun BCX8 SCXP204858071\">Centre<\/span><\/span> <span class=\"TextRun SpellingErrorZoomed BCX8 SCXP204858071\" lang=\"EN-US\" xml:lang=\"EN-US\" data-usefontface=\"true\" data-contrast=\"none\"><span class=\"BCX8 SCXP204858071\">canadien<\/span><\/span><span class=\"TextRun BCX8 SCXP204858071\" lang=\"EN-US\" xml:lang=\"EN-US\" data-usefontface=\"true\" data-contrast=\"none\"><span class=\"NormalTextRun BCX8 SCXP204858071\"> des <\/span><\/span><span class=\"TextRun BCX8 SCXP204858071\" lang=\"EN-US\" xml:lang=\"EN-US\" data-usefontface=\"true\" data-contrast=\"none\"><span class=\"NormalTextRun BCX8 SCXP204858071\">politiques <\/span><\/span><span class=\"TextRun SpellingErrorZoomed BCX8 SCXP204858071\" lang=\"EN-US\" xml:lang=\"EN-US\" data-usefontface=\"true\" data-contrast=\"none\"><span class=\"BCX8 SCXP204858071\">scientifiques<\/span><\/span><\/p>\n<p>[\/vc_column_text][\/vc_column_inner][vc_column_inner width=\u00a0\u00bb1\/5&Prime;][\/vc_column_inner][vc_column_inner width=\u00a0\u00bb1\/5&Prime;][\/vc_column_inner][\/vc_row_inner][vc_separator css=\u00a0\u00bb.vc_custom_1741703213432{padding-bottom: 25px !important;padding-left: 25px !important;}\u00a0\u00bb][vc_column_text css=\u00a0\u00bb.vc_custom_1747252543337{padding-left: 25px !important;}\u00a0\u00bb]<strong data-start=\"525\" data-end=\"542\">11h25 \u00e0 12h20 <\/strong>Transfert de technologie espace-oc\u00e9an[\/vc_column_text][vc_row_inner css=\u00a0\u00bb.vc_custom_1741272861577{padding-right: 25px !important;padding-left: 25px !important;}\u00a0\u00bb][vc_column_inner width=\u00a0\u00bb1\/5&Prime;][vc_single_image image=\u00a0\u00bb17971&Prime; alignment=\u00a0\u00bbcenter\u00a0\u00bb css=\u00a0\u00bb\u00a0\u00bb][vc_column_text css=\u00a0\u00bb\u00a0\u00bb]<\/p>\n<p style=\"text-align: center;\"><strong>Mike Greenley<\/strong><br \/>\nChef de la direction, MDA<\/p>\n<p>[\/vc_column_text][\/vc_column_inner][vc_column_inner width=\u00a0\u00bb1\/5&Prime;][vc_single_image image=\u00a0\u00bb18205&Prime; alignment=\u00a0\u00bbcenter\u00a0\u00bb css=\u00a0\u00bb\u00a0\u00bb][vc_column_text css=\u00a0\u00bb\u00a0\u00bb]<\/p>\n<p style=\"text-align: center;\"><span data-olk-copy-source=\"MessageBody\"><strong>Dr Fritz Stahr<\/strong><br \/>\nDPT de Open Ocean Robotics\u00a0<\/span><\/p>\n<p>[\/vc_column_text][\/vc_column_inner][vc_column_inner width=\u00a0\u00bb1\/5&Prime;][vc_single_image image=\u00a0\u00bb18719&Prime; alignment=\u00a0\u00bbcenter\u00a0\u00bb css=\u00a0\u00bb\u00a0\u00bb][vc_column_text css=\u00a0\u00bb\u00a0\u00bb]<\/p>\n<p style=\"text-align: center;\"><span class=\"LineBreakBlob BlobObject BCX8 SCXP27146613\"><strong>Sarah McLean<\/strong><br \/>\n<\/span>Vice-pr\u00e9sident des communications et des affaires corporatives, Maritime Launch Services<\/p>\n<p>[\/vc_column_text][\/vc_column_inner][vc_column_inner width=\u00a0\u00bb1\/5&Prime;][vc_single_image image=\u00a0\u00bb18223&Prime; alignment=\u00a0\u00bbcenter\u00a0\u00bb css=\u00a0\u00bb\u00a0\u00bb][vc_column_text css=\u00a0\u00bb\u00a0\u00bb]<\/p>\n<p style=\"text-align: center;\"><strong>Jennifer LaPlante<\/strong><br \/>\nDirectrice de la croissance et des investissements de SOC<\/p>\n<p>[\/vc_column_text][\/vc_column_inner][vc_column_inner width=\u00a0\u00bb1\/5&Prime;][\/vc_column_inner][\/vc_row_inner][vc_separator css=\u00a0\u00bb.vc_custom_1741703228577{padding-bottom: 25px !important;padding-left: 25px !important;}\u00a0\u00bb][vc_column_text css=\u00a0\u00bb.vc_custom_1747252523685{padding-left: 25px !important;}\u00a0\u00bb]<strong>11h55 \u00e0 12h20<\/strong> L\u2019innovation pour l\u2019action climatique[\/vc_column_text][vc_row_inner css=\u00a0\u00bb.vc_custom_1741272861577{padding-right: 25px !important;padding-left: 25px !important;}\u00a0\u00bb][vc_column_inner width=\u00a0\u00bb1\/5&Prime;][vc_single_image image=\u00a0\u00bb17990&Prime; alignment=\u00a0\u00bbcenter\u00a0\u00bb css=\u00a0\u00bb\u00a0\u00bb][vc_column_text css=\u00a0\u00bb\u00a0\u00bb]<\/p>\n<p style=\"text-align: center;\"><strong>Anya Waite<\/strong><br \/>\nPDG et directrice scientifique d\u2019Ocean Frontier Institute<\/p>\n<p>[\/vc_column_text][\/vc_column_inner][vc_column_inner width=\u00a0\u00bb1\/5&Prime;][vc_single_image image=\u00a0\u00bb19121&Prime; alignment=\u00a0\u00bbcenter\u00a0\u00bb css=\u00a0\u00bb\u00a0\u00bb][vc_column_text css=\u00a0\u00bb\u00a0\u00bb]<\/p>\n<p style=\"text-align: center;\"><strong>Catherine Abreu<\/strong><br \/>\nDirectrice du Centre international de politique climatique de la Fondation europ\u00e9enne pour le climat<\/p>\n<p>[\/vc_column_text][\/vc_column_inner][vc_column_inner width=\u00a0\u00bb1\/5&Prime;][\/vc_column_inner][vc_column_inner width=\u00a0\u00bb1\/5&Prime;][\/vc_column_inner][vc_column_inner width=\u00a0\u00bb1\/5&Prime;][\/vc_column_inner][\/vc_row_inner][vc_separator css=\u00a0\u00bb.vc_custom_1741703267683{padding-bottom: 25px !important;padding-left: 25px !important;}\u00a0\u00bb][vc_column_text css=\u00a0\u00bb.vc_custom_1747252724590{padding-left: 25px !important;}\u00a0\u00bb]<strong data-start=\"525\" data-end=\"542\">12h20 \u00e0 12h30 <\/strong>Discussions \u00e9clair[\/vc_column_text][vc_separator css=\u00a0\u00bb.vc_custom_1741703267683{padding-bottom: 25px !important;padding-left: 25px !important;}\u00a0\u00bb][vc_column_text css=\u00a0\u00bb.vc_custom_1745862337303{padding-left: 25px !important;}\u00a0\u00bb]<strong data-start=\"525\" data-end=\"542\">12h30 \u00e0 13h30 <\/strong>D\u00eener et r\u00e9seautage[\/vc_column_text][vc_separator css=\u00a0\u00bb.vc_custom_1741703281588{padding-bottom: 25px !important;padding-left: 25px !important;}\u00a0\u00bb][vc_column_text css=\u00a0\u00bb.vc_custom_1747252808912{padding-left: 25px !important;}\u00a0\u00bb]<strong data-start=\"568\" data-end=\"585\">13h30 \u00e0 13h50 <\/strong>Le r\u00f4le du Canada dans une \u00e9conomie mondiale en mutation[\/vc_column_text][vc_row_inner css=\u00a0\u00bb.vc_custom_1741272861577{padding-right: 25px !important;padding-left: 25px !important;}\u00a0\u00bb][vc_column_inner width=\u00a0\u00bb1\/5&Prime;][vc_single_image image=\u00a0\u00bb17909&Prime; alignment=\u00a0\u00bbcenter\u00a0\u00bb css=\u00a0\u00bb\u00a0\u00bb][vc_column_text css=\u00a0\u00bb\u00a0\u00bb]<\/p>\n<p style=\"text-align: center;\"><span data-olk-copy-source=\"MessageBody\"><strong>Dr Fred Olayele<\/strong><br \/>\n\u00c9conomiste, professeur et\u00a0responsable de la strat\u00e9gie d\u2019innovation\u00a0<\/span><\/p>\n<p>[\/vc_column_text][\/vc_column_inner][vc_column_inner width=\u00a0\u00bb1\/5&Prime;][vc_single_image image=\u00a0\u00bb19109&Prime; alignment=\u00a0\u00bbcenter\u00a0\u00bb css=\u00a0\u00bb\u00a0\u00bb][vc_column_text css=\u00a0\u00bb\u00a0\u00bb]<\/p>\n<p style=\"text-align: center;\"><strong>Jakub Skrzypczyk<\/strong><br \/>\nDirecteur de l\u2019engagement de SOC<\/p>\n<p>[\/vc_column_text][\/vc_column_inner][vc_column_inner width=\u00a0\u00bb1\/5&Prime;][\/vc_column_inner][vc_column_inner width=\u00a0\u00bb1\/5&Prime;][\/vc_column_inner][vc_column_inner width=\u00a0\u00bb1\/5&Prime;][\/vc_column_inner][\/vc_row_inner][vc_separator css=\u00a0\u00bb.vc_custom_1741703299469{padding-bottom: 25px !important;padding-left: 25px !important;}\u00a0\u00bb][vc_column_text css=\u00a0\u00bb.vc_custom_1747252793120{padding-left: 25px !important;}\u00a0\u00bb]<strong data-start=\"568\" data-end=\"585\">13h50 \u00e0 14h20 <\/strong>Cr\u00e9ation de plateformes de collaboration internationales[\/vc_column_text][vc_row_inner css=\u00a0\u00bb.vc_custom_1741272861577{padding-right: 25px !important;padding-left: 25px !important;}\u00a0\u00bb][vc_column_inner width=\u00a0\u00bb1\/5&Prime;][vc_single_image image=\u00a0\u00bb17701&Prime; alignment=\u00a0\u00bbcenter\u00a0\u00bb css=\u00a0\u00bb\u00a0\u00bb][vc_column_text css=\u00a0\u00bb\u00a0\u00bb]<\/p>\n<p style=\"text-align: center;\"><strong>Kendra MacDonald<\/strong><br \/>\nDirectrice g\u00e9n\u00e9rale de Supergrappe des oc\u00e9ans du Canada<\/p>\n<p>[\/vc_column_text][\/vc_column_inner][vc_column_inner width=\u00a0\u00bb1\/5&Prime;][vc_single_image image=\u00a0\u00bb18101&Prime; alignment=\u00a0\u00bbcenter\u00a0\u00bb css=\u00a0\u00bb\u00a0\u00bb][vc_column_text css=\u00a0\u00bb\u00a0\u00bb]<\/p>\n<p style=\"text-align: center;\"><span data-teams=\"true\"><strong>Ruben Eiras<\/strong><br \/>\n<\/span><span data-teams=\"true\">Secr\u00e9taire g\u00e9n\u00e9ral de F\u00f3rum Oceano<\/span><\/p>\n<p>[\/vc_column_text][\/vc_column_inner][vc_column_inner width=\u00a0\u00bb1\/5&Prime;][vc_single_image image=\u00a0\u00bb18316&Prime; alignment=\u00a0\u00bbcenter\u00a0\u00bb css=\u00a0\u00bb\u00a0\u00bb][vc_column_text css=\u00a0\u00bb\u00a0\u00bb]<\/p>\n<p style=\"text-align: center;\"><strong>David Golding<\/strong><br \/>\nResponsable des partenariats mondiaux d\u2019innovation,<br \/>\nInnover au Royaume-Uni<\/p>\n<p>[\/vc_column_text][\/vc_column_inner][vc_column_inner width=\u00a0\u00bb1\/5&Prime;][vc_single_image image=\u00a0\u00bb18739&Prime; alignment=\u00a0\u00bbcenter\u00a0\u00bb css=\u00a0\u00bb\u00a0\u00bb][vc_column_text css=\u00a0\u00bb\u00a0\u00bb]<\/p>\n<p style=\"text-align: center;\"><span lang=\"en-US\" data-olk-copy-source=\"MessageBody\"><strong>Shelly Petten<\/strong><br \/>\n<span data-olk-copy-source=\"MessageBody\">Directrice g\u00e9n\u00e9rale d\u2019Oceans Advance Inc. <\/span><br \/>\n<\/span><\/p>\n<p>[\/vc_column_text][\/vc_column_inner][vc_column_inner width=\u00a0\u00bb1\/5&Prime;][\/vc_column_inner][\/vc_row_inner][vc_separator css=\u00a0\u00bb.vc_custom_1741272497047{padding-bottom: 25px !important;}\u00a0\u00bb][vc_column_text css=\u00a0\u00bb.vc_custom_1747252834748{padding-left: 25px !important;}\u00a0\u00bb]<strong data-start=\"568\" data-end=\"585\">14h20 \u00e0 14h50 <\/strong>Strat\u00e9gies pour diversifier les cha\u00eenes d\u2019approvisionnement[\/vc_column_text][vc_row_inner css=\u00a0\u00bb.vc_custom_1741272861577{padding-right: 25px !important;padding-left: 25px !important;}\u00a0\u00bb][vc_column_inner width=\u00a0\u00bb1\/5&Prime;][vc_single_image image=\u00a0\u00bb19124&Prime; alignment=\u00a0\u00bbcenter\u00a0\u00bb css=\u00a0\u00bb\u00a0\u00bb][vc_column_text css=\u00a0\u00bb\u00a0\u00bb]<\/p>\n<p style=\"text-align: center;\"><span class=\"TextRun Highlight SCXW102461093 BCX8\" lang=\"EN-US\" xml:lang=\"EN-US\" data-contrast=\"auto\"><strong>Paul Langdon<\/strong><br \/>\nResponsable des initiatives strat\u00e9giques d\u2019Ulnooweg Development Group\u00a0<\/span><\/p>\n<p>[\/vc_column_text][\/vc_column_inner][vc_column_inner width=\u00a0\u00bb1\/5&Prime;][vc_single_image image=\u00a0\u00bb18694&Prime; alignment=\u00a0\u00bbcenter\u00a0\u00bb css=\u00a0\u00bb\u00a0\u00bb][vc_column_text css=\u00a0\u00bb\u00a0\u00bb]<\/p>\n<p style=\"text-align: center;\"><span class=\"TextRun Highlight SCXW102461093 BCX8\" lang=\"EN-US\" xml:lang=\"EN-US\" data-contrast=\"auto\"><span class=\"NormalTextRun CommentStart CommentHighlightPipeRestRefresh CommentHighlightRest SCXW102461093 BCX8\"><strong><span data-olk-copy-source=\"MessageBody\">Tamara Sone<\/span><\/strong><br \/>\n<\/span><span data-olk-copy-source=\"MessageBody\">Analyste principale des politiques &#8211; Secteur des sciences et de la recherche, ISDE<\/span><br \/>\n<\/span><\/p>\n<p>[\/vc_column_text][\/vc_column_inner][vc_column_inner width=\u00a0\u00bb1\/5&Prime;][vc_single_image image=\u00a0\u00bb18234&Prime; alignment=\u00a0\u00bbcenter\u00a0\u00bb css=\u00a0\u00bb\u00a0\u00bb][vc_column_text css=\u00a0\u00bb\u00a0\u00bb]<\/p>\n<p style=\"text-align: center;\"><span class=\"TextRun Highlight SCXW102461093 BCX8\" lang=\"EN-US\" xml:lang=\"EN-US\" data-contrast=\"auto\"><span class=\"NormalTextRun CommentStart CommentHighlightPipeRestRefresh CommentHighlightRest SCXW102461093 BCX8\"><strong><span data-olk-copy-source=\"MessageBody\">Elisa Oberman<\/span><\/strong><br \/>\n<\/span><span data-olk-copy-source=\"MessageBody\">Directrice g\u00e9n\u00e9rale de Marine Renewables Canada<\/span><br \/>\n<\/span><\/p>\n<p>[\/vc_column_text][\/vc_column_inner][vc_column_inner width=\u00a0\u00bb1\/5&Prime;][vc_single_image image=\u00a0\u00bb19216&Prime; alignment=\u00a0\u00bbcenter\u00a0\u00bb css=\u00a0\u00bb\u00a0\u00bb][vc_column_text css=\u00a0\u00bb\u00a0\u00bb]<\/p>\n<p style=\"text-align: center;\"><span class=\"TextRun Highlight SCXW102461093 BCX8\" lang=\"EN-US\" xml:lang=\"EN-US\" data-contrast=\"auto\"><strong>V\u00e9ronique B\u00e9brub\u00e9<\/strong><br \/>\nVice-pr\u00e9sidente des Op\u00e9rations de la Chambre de<br \/>\ncommerce maritime<\/span><\/p>\n<p>[\/vc_column_text][\/vc_column_inner][vc_column_inner width=\u00a0\u00bb1\/5&Prime;][\/vc_column_inner][\/vc_row_inner][vc_separator css=\u00a0\u00bb.vc_custom_1741272497047{padding-bottom: 25px !important;}\u00a0\u00bb][vc_column_text css=\u00a0\u00bb.vc_custom_1747252947062{padding-left: 25px !important;}\u00a0\u00bb]<strong data-start=\"525\" data-end=\"542\">14h50 \u00e0 15h00 <\/strong>Pause[\/vc_column_text][vc_separator css=\u00a0\u00bb.vc_custom_1741272497047{padding-bottom: 25px !important;}\u00a0\u00bb][vc_column_text css=\u00a0\u00bb.vc_custom_1747265429098{padding-left: 25px !important;}\u00a0\u00bb]<strong data-start=\"568\" data-end=\"585\">15h00 \u00e0 15h30 <\/strong>Possibilit\u00e9s de march\u00e9s \u00e9mergents en Asie du Sud-est[\/vc_column_text][vc_row_inner css=\u00a0\u00bb.vc_custom_1741272861577{padding-right: 25px !important;padding-left: 25px !important;}\u00a0\u00bb][vc_column_inner width=\u00a0\u00bb1\/5&Prime;][vc_single_image image=\u00a0\u00bb17979&Prime; alignment=\u00a0\u00bbcenter\u00a0\u00bb css=\u00a0\u00bb\u00a0\u00bb][vc_column_text css=\u00a0\u00bb\u00a0\u00bb]<\/p>\n<p style=\"text-align: center;\"><strong><span class=\"TextRun Highlight SCXW167328117 BCX8\" lang=\"EN-CA\" xml:lang=\"EN-CA\" data-contrast=\"auto\"><span class=\"NormalTextRun SCXW167328117 BCX8\">Eric Enno Tamm<\/span><\/span><\/strong><br \/>\nPDG, ThisFish<\/p>\n<p>[\/vc_column_text][\/vc_column_inner][vc_column_inner width=\u00a0\u00bb1\/5&Prime;][vc_single_image image=\u00a0\u00bb18818&Prime; alignment=\u00a0\u00bbcenter\u00a0\u00bb css=\u00a0\u00bb\u00a0\u00bb][vc_column_text css=\u00a0\u00bb\u00a0\u00bb]<\/p>\n<p style=\"text-align: center;\"><strong><span class=\"TextRun Highlight SCXW167328117 BCX8\" lang=\"EN-CA\" xml:lang=\"EN-CA\" data-contrast=\"auto\"><span class=\"NormalTextRun SCXW167328117 BCX8\"><span class=\"NormalTextRun SCXW11527728 BCX8\">Laurel <\/span><span class=\"NormalTextRun SCXW11527728 BCX8\">West<\/span><\/span><\/span><\/strong><br \/>\n<span data-olk-copy-source=\"MessageBody\">Vice-pr\u00e9sidente des op\u00e9rations et partenariats, Fondation Asie-Pacifique du Canada<\/span><\/p>\n<p>[\/vc_column_text][\/vc_column_inner][vc_column_inner width=\u00a0\u00bb1\/5&Prime;][vc_single_image image=\u00a0\u00bb19191&Prime; alignment=\u00a0\u00bbcenter\u00a0\u00bb css=\u00a0\u00bb\u00a0\u00bb][vc_column_text css=\u00a0\u00bb\u00a0\u00bb]<\/p>\n<p style=\"text-align: center;\"><strong>Bill Collins<\/strong><br \/>\nFondateur et directeur de Cascadia Seaweed<\/p>\n<p>[\/vc_column_text][\/vc_column_inner][vc_column_inner width=\u00a0\u00bb1\/5&Prime;][\/vc_column_inner][vc_column_inner width=\u00a0\u00bb1\/5&Prime;][\/vc_column_inner][\/vc_row_inner][vc_separator css=\u00a0\u00bb.vc_custom_1741272497047{padding-bottom: 25px !important;}\u00a0\u00bb][vc_column_text css=\u00a0\u00bb.vc_custom_1747265401766{padding-left: 25px !important;}\u00a0\u00bb]<strong data-start=\"729\" data-end=\"746\">15h30 \u00e0 16h00<\/strong><strong data-start=\"729\" data-end=\"746\">\u00a0<\/strong>Innovation technologique bivalente[\/vc_column_text][vc_row_inner css=\u00a0\u00bb.vc_custom_1741272861577{padding-right: 25px !important;padding-left: 25px !important;}\u00a0\u00bb][vc_column_inner width=\u00a0\u00bb1\/5&Prime;][vc_single_image image=\u00a0\u00bb18318&Prime; alignment=\u00a0\u00bbcenter\u00a0\u00bb css=\u00a0\u00bb\u00a0\u00bb][vc_column_text css=\u00a0\u00bb\u00a0\u00bb]<\/p>\n<p style=\"text-align: center;\"><strong>Matthew Clancey<\/strong><br \/>\nDirecteur de programme, DIANA, COVE<\/p>\n<p>[\/vc_column_text][\/vc_column_inner][vc_column_inner width=\u00a0\u00bb1\/5&Prime;][vc_single_image image=\u00a0\u00bb18472&Prime; alignment=\u00a0\u00bbcenter\u00a0\u00bb css=\u00a0\u00bb\u00a0\u00bb][vc_column_text css=\u00a0\u00bb\u00a0\u00bb]<\/p>\n<p style=\"text-align: center;\"><strong>Michael Nelson<\/strong><br \/>\nPDG, TACTIQL<\/p>\n<p>[\/vc_column_text][\/vc_column_inner][vc_column_inner width=\u00a0\u00bb1\/5&Prime;][\/vc_column_inner][vc_column_inner width=\u00a0\u00bb1\/5&Prime;][\/vc_column_inner][vc_column_inner width=\u00a0\u00bb1\/5&Prime;][\/vc_column_inner][\/vc_row_inner][vc_separator css=\u00a0\u00bb.vc_custom_1741272497047{padding-bottom: 25px !important;}\u00a0\u00bb][vc_column_text css=\u00a0\u00bb.vc_custom_1747265368754{padding-left: 25px !important;}\u00a0\u00bb]<strong data-start=\"729\" data-end=\"746\">16h00 \u00e0 17h30 <\/strong>Prix Ambition 2035 :Pr\u00e9sentations pour le prix[\/vc_column_text][vc_row_inner css=\u00a0\u00bb.vc_custom_1741272861577{padding-right: 25px !important;padding-left: 25px !important;}\u00a0\u00bb][vc_column_inner width=\u00a0\u00bb1\/5&Prime;][vc_single_image image=\u00a0\u00bb18339&Prime; alignment=\u00a0\u00bbcenter\u00a0\u00bb css=\u00a0\u00bb\u00a0\u00bb][vc_column_text css=\u00a0\u00bb\u00a0\u00bb]<\/p>\n<p style=\"text-align: center;\">Prix Ambition 2035<br \/>\n<strong>Partenaire d\u2019investissement<\/strong><\/p>\n<p>[\/vc_column_text][\/vc_column_inner][vc_column_inner width=\u00a0\u00bb1\/5&Prime;][\/vc_column_inner][vc_column_inner width=\u00a0\u00bb1\/5&Prime;][\/vc_column_inner][vc_column_inner width=\u00a0\u00bb1\/5&Prime;][\/vc_column_inner][vc_column_inner width=\u00a0\u00bb1\/5&Prime;][\/vc_column_inner][\/vc_row_inner][vc_separator css=\u00a0\u00bb.vc_custom_1741272497047{padding-bottom: 25px !important;}\u00a0\u00bb][vc_column_text css=\u00a0\u00bb.vc_custom_1747265338889{padding-left: 25px !important;}\u00a0\u00bb]<strong data-start=\"783\" data-end=\"800\">17h30 \u00e0 17h35 <\/strong>Allocution de cl\u00f4ture[\/vc_column_text][vc_separator css=\u00a0\u00bb.vc_custom_1741272497047{padding-bottom: 25px !important;}\u00a0\u00bb][vc_column_text css=\u00a0\u00bb.vc_custom_1747265293259{padding-bottom: 25px !important;padding-left: 25px !important;}\u00a0\u00bb]<strong data-start=\"837\" data-end=\"854\">18h30 \u00e0 21h00 <\/strong>R\u00e9ception en soir\u00e9e et annonces des Prix Ambition 2035[\/vc_column_text][\/vc_tta_section][vc_tta_section title=\u00a0\u00bbJour 2&Prime; tab_id=\u00a0\u00bb1741273001064-3ab161d9-ae22&Prime;][vc_column_text css=\u00a0\u00bb.vc_custom_1741703611763{padding-top: 25px !important;padding-left: 25px !important;}\u00a0\u00bb]<\/p>\n<h2><span style=\"color: #216efa;\">Jour 2<\/span><br \/>\n<span style=\"color: #216efa;\">Jeudi 22 mai 2025<\/span><\/h2>\n<p>[\/vc_column_text][vc_separator css=\u00a0\u00bb.vc_custom_1741703630805{padding-bottom: 25px !important;padding-left: 25px !important;}\u00a0\u00bb][vc_column_text css=\u00a0\u00bb.vc_custom_1745863048017{padding-left: 25px !important;}\u00a0\u00bb]<strong data-start=\"913\" data-end=\"928\">7h30 \u00e0 8h30 <\/strong>D\u00e9jeuner continental et r\u00e9seautage[\/vc_column_text][vc_separator css=\u00a0\u00bb.vc_custom_1741703630805{padding-bottom: 25px !important;padding-left: 25px !important;}\u00a0\u00bb][vc_column_text css=\u00a0\u00bb.vc_custom_1747265101139{padding-left: 25px !important;}\u00a0\u00bb]<strong data-start=\"913\" data-end=\"928\">8h30 \u00e0 8h35\u00a0 <\/strong>Allocations d\u2019ouverture[\/vc_column_text][vc_separator css=\u00a0\u00bb.vc_custom_1741272497047{padding-bottom: 25px !important;}\u00a0\u00bb][vc_column_text css=\u00a0\u00bb.vc_custom_1747265140200{padding-left: 25px !important;}\u00a0\u00bb]<strong data-start=\"1078\" data-end=\"1095\">8h35 \u00e0 9h00 <\/strong>Des communaut\u00e9s prosp\u00e8res et r\u00e9silientes[\/vc_column_text][vc_row_inner css=\u00a0\u00bb.vc_custom_1741272861577{padding-right: 25px !important;padding-left: 25px !important;}\u00a0\u00bb][vc_column_inner width=\u00a0\u00bb1\/5&Prime;][vc_single_image image=\u00a0\u00bb18200&Prime; alignment=\u00a0\u00bbcenter\u00a0\u00bb css=\u00a0\u00bb\u00a0\u00bb][vc_column_text css=\u00a0\u00bb\u00a0\u00bb]<\/p>\n<p style=\"text-align: center;\"><strong>Cassandra Dorrington<\/strong><br \/>\nPDG de CAMSC<\/p>\n<p>[\/vc_column_text][\/vc_column_inner][vc_column_inner width=\u00a0\u00bb1\/5&Prime;][vc_single_image image=\u00a0\u00bb19105&Prime; alignment=\u00a0\u00bbcenter\u00a0\u00bb css=\u00a0\u00bb\u00a0\u00bb][vc_column_text css=\u00a0\u00bb\u00a0\u00bb]<\/p>\n<p style=\"text-align: center;\"><strong>Ken Paul<\/strong><br \/>\nPropri\u00e9taire de Pokiok Associates<\/p>\n<p>[\/vc_column_text][\/vc_column_inner][vc_column_inner width=\u00a0\u00bb1\/5&Prime;][\/vc_column_inner][vc_column_inner width=\u00a0\u00bb1\/5&Prime;][\/vc_column_inner][vc_column_inner width=\u00a0\u00bb1\/5&Prime;][\/vc_column_inner][\/vc_row_inner][vc_separator css=\u00a0\u00bb.vc_custom_1741272497047{padding-bottom: 25px !important;}\u00a0\u00bb][vc_column_text css=\u00a0\u00bb.vc_custom_1747264833610{padding-left: 25px !important;}\u00a0\u00bb]<strong data-start=\"1078\" data-end=\"1095\">9h00 \u00e0 9h30 <\/strong>Souverainet\u00e9 arctique et avenir oc\u00e9anique du Canada[\/vc_column_text][vc_row_inner css=\u00a0\u00bb.vc_custom_1741272861577{padding-right: 25px !important;padding-left: 25px !important;}\u00a0\u00bb][vc_column_inner width=\u00a0\u00bb1\/5&Prime;][vc_single_image image=\u00a0\u00bb19163&Prime; alignment=\u00a0\u00bbcenter\u00a0\u00bb css=\u00a0\u00bb\u00a0\u00bb][vc_column_text css=\u00a0\u00bb\u00a0\u00bb]<\/p>\n<p style=\"text-align: center;\"><strong>Randy Billard<\/strong><br \/>\nPr\u00e9sident et chef de la direction de Virtual Marine<\/p>\n<p>[\/vc_column_text][\/vc_column_inner][vc_column_inner width=\u00a0\u00bb1\/5&Prime;][vc_single_image image=\u00a0\u00bb19131&Prime; alignment=\u00a0\u00bbcenter\u00a0\u00bb css=\u00a0\u00bb\u00a0\u00bb][vc_column_text css=\u00a0\u00bb\u00a0\u00bb]<\/p>\n<p style=\"text-align: center;\"><strong>Madeleine Redfern<\/strong><br \/>\nDirecteur des op\u00e9rations, CanArctic Inuit Networks et PDG par int\u00e9rim, NWAC<\/p>\n<p>[\/vc_column_text][\/vc_column_inner][vc_column_inner width=\u00a0\u00bb1\/5&Prime;][vc_single_image image=\u00a0\u00bb18588&Prime; alignment=\u00a0\u00bbcenter\u00a0\u00bb css=\u00a0\u00bb\u00a0\u00bb][vc_column_text css=\u00a0\u00bb\u00a0\u00bb]<\/p>\n<p style=\"text-align: center;\"><strong>Adam Fisher<\/strong><br \/>\nSous-ministre adjoint par int\u00e9rim, D\u00e9veloppement \u00e9conomique, Gouvernement du Nunavut<\/p>\n<p>[\/vc_column_text][\/vc_column_inner][vc_column_inner width=\u00a0\u00bb1\/5&Prime;][\/vc_column_inner][vc_column_inner width=\u00a0\u00bb1\/5&Prime;][\/vc_column_inner][\/vc_row_inner][vc_separator css=\u00a0\u00bb.vc_custom_1741703654321{padding-bottom: 25px !important;padding-left: 25px !important;}\u00a0\u00bb][vc_column_text css=\u00a0\u00bb.vc_custom_1747265177891{padding-left: 25px !important;}\u00a0\u00bb]<strong data-start=\"1018\" data-end=\"1034\">9h30 \u00e0 9h50 <\/strong>Tirer parti de l\u2019IA dans l\u2019Arctique[\/vc_column_text][vc_row_inner css=\u00a0\u00bb.vc_custom_1741272861577{padding-right: 25px !important;padding-left: 25px !important;}\u00a0\u00bb][vc_column_inner width=\u00a0\u00bb1\/5&Prime;][vc_single_image image=\u00a0\u00bb17986&Prime; alignment=\u00a0\u00bbcenter\u00a0\u00bb css=\u00a0\u00bb\u00a0\u00bb][vc_column_text css=\u00a0\u00bb\u00a0\u00bb]<\/p>\n<p style=\"text-align: center;\"><b><span data-contrast=\"auto\"><span class=\"NormalTextRun SCXW85787136 BCX8\">Leslie <\/span><span class=\"NormalTextRun SpellingErrorV2Themed SCXW85787136 BCX8\">Canavera<\/span><br \/>\n<\/span><\/b>PDG <span class=\"TextRun Highlight SCXW12579399 BCX8\" lang=\"EN-CA\" xml:lang=\"EN-CA\" data-contrast=\"auto\"><span class=\"NormalTextRun SpellingErrorV2Themed SCXW12579399 BCX8\">PolArctic<\/span><\/span><\/p>\n<p>[\/vc_column_text][\/vc_column_inner][vc_column_inner width=\u00a0\u00bb1\/5&Prime;][\/vc_column_inner][vc_column_inner width=\u00a0\u00bb1\/5&Prime;][\/vc_column_inner][vc_column_inner width=\u00a0\u00bb1\/5&Prime;][\/vc_column_inner][vc_column_inner width=\u00a0\u00bb1\/5&Prime;][\/vc_column_inner][\/vc_row_inner][vc_separator css=\u00a0\u00bb.vc_custom_1741703637725{padding-bottom: 25px !important;padding-left: 25px !important;}\u00a0\u00bb][vc_column_text css=\u00a0\u00bb.vc_custom_1747264783242{padding-left: 25px !important;}\u00a0\u00bb]<strong data-start=\"1018\" data-end=\"1034\">9h50 \u00e0 10h00 <\/strong>Allocution de l\u2019Ambassadeur de France[\/vc_column_text][vc_row_inner css=\u00a0\u00bb.vc_custom_1741272861577{padding-right: 25px !important;padding-left: 25px !important;}\u00a0\u00bb][vc_column_inner width=\u00a0\u00bb1\/5&Prime;][vc_single_image image=\u00a0\u00bb19115&Prime; alignment=\u00a0\u00bbcenter\u00a0\u00bb css=\u00a0\u00bb\u00a0\u00bb][vc_column_text css=\u00a0\u00bb\u00a0\u00bb]<\/p>\n<p style=\"text-align: center;\">Son Excellence <strong>Michel Miraillet<\/strong>, ambassadeur de la France au Canada<\/p>\n<p>[\/vc_column_text][\/vc_column_inner][vc_column_inner width=\u00a0\u00bb1\/5&Prime;][\/vc_column_inner][vc_column_inner width=\u00a0\u00bb1\/5&Prime;][\/vc_column_inner][vc_column_inner width=\u00a0\u00bb1\/5&Prime;][\/vc_column_inner][vc_column_inner width=\u00a0\u00bb1\/5&Prime;][\/vc_column_inner][\/vc_row_inner][vc_separator css=\u00a0\u00bb.vc_custom_1741703637725{padding-bottom: 25px !important;padding-left: 25px !important;}\u00a0\u00bb][vc_column_text css=\u00a0\u00bb.vc_custom_1745867288926{padding-left: 25px !important;}\u00a0\u00bb]<strong data-start=\"1018\" data-end=\"1034\">10h00 \u00e0 10h15 <\/strong>Pause[\/vc_column_text][vc_separator css=\u00a0\u00bb.vc_custom_1741703637725{padding-bottom: 25px !important;padding-left: 25px !important;}\u00a0\u00bb][vc_column_text css=\u00a0\u00bb.vc_custom_1747264679219{padding-left: 25px !important;}\u00a0\u00bb]<strong data-start=\"969\" data-end=\"984\">10h15 \u00e0 10h45 <\/strong>De quelle fa\u00e7on l\u2019IA fa\u00e7onnera-t-elle\u00a0l\u2019\u00e9conomie oc\u00e9anique ?[\/vc_column_text][vc_row_inner css=\u00a0\u00bb.vc_custom_1741272861577{padding-right: 25px !important;padding-left: 25px !important;}\u00a0\u00bb][vc_column_inner width=\u00a0\u00bb1\/5&Prime;][vc_single_image image=\u00a0\u00bb18216&Prime; alignment=\u00a0\u00bbcenter\u00a0\u00bb css=\u00a0\u00bb\u00a0\u00bb][vc_column_text css=\u00a0\u00bb\u00a0\u00bb]<\/p>\n<p style=\"text-align: center;\"><span data-olk-copy-source=\"MessageBody\"><strong>Jennifer LaPlante<\/strong><br \/>\nDirectrice de la croissance et des investissements de Supergrappe des oc\u00e9ans du Canada\u00a0\u00a0<\/span><\/p>\n<p>[\/vc_column_text][\/vc_column_inner][vc_column_inner width=\u00a0\u00bb1\/5&Prime;][vc_single_image image=\u00a0\u00bb18183&Prime; alignment=\u00a0\u00bbcenter\u00a0\u00bb css=\u00a0\u00bb\u00a0\u00bb][vc_column_text css=\u00a0\u00bb\u00a0\u00bb]<\/p>\n<p style=\"text-align: center;\"><span data-olk-copy-source=\"MessageBody\"><strong>Craig Haney<\/strong><br \/>\nDirecteur des entreprises de AltaML<\/span><\/p>\n<p>[\/vc_column_text][\/vc_column_inner][vc_column_inner width=\u00a0\u00bb1\/5&Prime;][vc_single_image image=\u00a0\u00bb18590&Prime; alignment=\u00a0\u00bbcenter\u00a0\u00bb css=\u00a0\u00bb\u00a0\u00bb][vc_column_text css=\u00a0\u00bb\u00a0\u00bb]<\/p>\n<p style=\"text-align: center;\"><span data-olk-copy-source=\"MessageBody\"><strong>Kevin Bryan<\/strong><br \/>\nFondateur d\u2019All Day TA et professeur agr\u00e9g\u00e9 de l\u2019Universit\u00e9 de Toronto<br \/>\n<\/span><\/p>\n<p>[\/vc_column_text][\/vc_column_inner][vc_column_inner width=\u00a0\u00bb1\/5&Prime;][vc_single_image image=\u00a0\u00bb18741&Prime; alignment=\u00a0\u00bbcenter\u00a0\u00bb css=\u00a0\u00bb\u00a0\u00bb][vc_column_text css=\u00a0\u00bb\u00a0\u00bb]<\/p>\n<p style=\"text-align: center;\"><span data-olk-copy-source=\"MessageBody\"><span class=\"TextRun Highlight SCXW204001439 BCX8\" lang=\"EN-US\" xml:lang=\"EN-US\" data-contrast=\"auto\"><span class=\"NormalTextRun SCXW204001439 BCX8\"><strong>Sophie LeDrew<\/strong><br \/>\n<\/span><\/span><\/span><span class=\"OYPEnA font-feature-liga-off font-feature-clig-off font-feature-calt-off text-decoration-none text-strikethrough-none\">Conseill\u00e8re principale <\/span><span class=\"OYPEnA font-feature-liga-off font-feature-clig-off font-feature-calt-off text-decoration-none text-strikethrough-none\">en partenariats chez Mila<\/span><\/p>\n<p style=\"text-align: center;\"><span data-olk-copy-source=\"MessageBody\">\u00a0<\/span><\/p>\n<p>[\/vc_column_text][\/vc_column_inner][vc_column_inner width=\u00a0\u00bb1\/5&Prime;][\/vc_column_inner][\/vc_row_inner][vc_separator css=\u00a0\u00bb.vc_custom_1741703662821{padding-bottom: 25px !important;padding-left: 25px !important;}\u00a0\u00bb][vc_column_text css=\u00a0\u00bb.vc_custom_1747264659481{padding-left: 25px !important;}\u00a0\u00bb]<strong data-start=\"969\" data-end=\"984\">10h30 \u00e0 12h00 <\/strong><span style=\"letter-spacing: 0.03em;\"><span data-olk-copy-source=\"MessageBody\">Financement sans filtre\u00a0: Discussion franche, strat\u00e9gie \u00e9clair\u00e9e<\/span><\/span><\/p>\n<h3>S\u00e9ance en petits groupes\u00a0: salle capitale<\/h3>\n<p>[\/vc_column_text][vc_row_inner css=\u00a0\u00bb.vc_custom_1741272861577{padding-right: 25px !important;padding-left: 25px !important;}\u00a0\u00bb][vc_column_inner width=\u00a0\u00bb1\/5&Prime;][vc_single_image image=\u00a0\u00bb19158&Prime; alignment=\u00a0\u00bbcenter\u00a0\u00bb css=\u00a0\u00bb\u00a0\u00bb][vc_column_text css=\u00a0\u00bb\u00a0\u00bb]<\/p>\n<p style=\"text-align: center;\"><strong>Maria Fernanda Navarro<\/strong><br \/>\nResponsable du programme de croissance de SOC<\/p>\n<p>[\/vc_column_text][\/vc_column_inner][vc_column_inner width=\u00a0\u00bb1\/5&Prime;][vc_single_image image=\u00a0\u00bb19118&Prime; alignment=\u00a0\u00bbcenter\u00a0\u00bb css=\u00a0\u00bb\u00a0\u00bb][vc_column_text css=\u00a0\u00bb\u00a0\u00bb]<\/p>\n<p style=\"text-align: center;\"><strong>Tamara Sone<\/strong><br \/>\nAnalyste principale des politiques &#8211; Secteur des sciences et de la recherche, ISDE<\/p>\n<p>[\/vc_column_text][\/vc_column_inner][vc_column_inner width=\u00a0\u00bb1\/5&Prime;][vc_single_image image=\u00a0\u00bb19134&Prime; alignment=\u00a0\u00bbcenter\u00a0\u00bb css=\u00a0\u00bb\u00a0\u00bb][vc_column_text css=\u00a0\u00bb\u00a0\u00bb]<\/p>\n<p style=\"text-align: center;\"><span data-olk-copy-source=\"MessageBody\"><strong>Paula Mendon\u00e7a<\/strong><br \/>\nDirectrice g\u00e9n\u00e9rale du Projet Startup des Oc\u00e9ans\u00a0<\/span><\/p>\n<p>[\/vc_column_text][\/vc_column_inner][vc_column_inner width=\u00a0\u00bb1\/5&Prime;][vc_single_image image=\u00a0\u00bb19180&Prime; alignment=\u00a0\u00bbcenter\u00a0\u00bb css=\u00a0\u00bb\u00a0\u00bb][vc_column_text css=\u00a0\u00bb\u00a0\u00bb]<\/p>\n<p style=\"text-align: center;\"><strong>Lynn McNeil<\/strong><br \/>\nVice-pr\u00e9sidente de FABrIC<\/p>\n<p>[\/vc_column_text][\/vc_column_inner][vc_column_inner width=\u00a0\u00bb1\/5&Prime;][\/vc_column_inner][\/vc_row_inner][vc_separator css=\u00a0\u00bb.vc_custom_1741703662821{padding-bottom: 25px !important;padding-left: 25px !important;}\u00a0\u00bb][vc_column_text css=\u00a0\u00bb.vc_custom_1747265210545{padding-left: 25px !important;}\u00a0\u00bb]<strong data-start=\"1078\" data-end=\"1095\">10h45 \u00e0 11h05 <\/strong>Consid\u00e9rations de cybers\u00e9curit\u00e9 en IA[\/vc_column_text][vc_row_inner css=\u00a0\u00bb.vc_custom_1741272861577{padding-right: 25px !important;padding-left: 25px !important;}\u00a0\u00bb][vc_column_inner width=\u00a0\u00bb1\/5&Prime;][vc_single_image image=\u00a0\u00bb18804&Prime; alignment=\u00a0\u00bbcenter\u00a0\u00bb css=\u00a0\u00bb\u00a0\u00bb][vc_column_text css=\u00a0\u00bb\u00a0\u00bb]<\/p>\n<p style=\"text-align: center;\"><span class=\"TextRun Highlight SCXW223336794 BCX8\" lang=\"EN-US\" xml:lang=\"EN-US\" data-contrast=\"auto\"><span class=\"NormalTextRun SCXW223336794 BCX8\"><strong><span data-olk-copy-source=\"MessageBody\">Chris Pogue<\/span><br \/>\n<\/strong><span data-olk-copy-source=\"MessageBody\">PDG de Thales Canada<\/span><br \/>\n<\/span><\/span><\/p>\n<p>[\/vc_column_text][\/vc_column_inner][vc_column_inner width=\u00a0\u00bb1\/5&Prime;][\/vc_column_inner][vc_column_inner width=\u00a0\u00bb1\/5&Prime;][\/vc_column_inner][vc_column_inner width=\u00a0\u00bb1\/5&Prime;][\/vc_column_inner][vc_column_inner width=\u00a0\u00bb1\/5&Prime;][\/vc_column_inner][\/vc_row_inner][vc_separator css=\u00a0\u00bb.vc_custom_1741703662821{padding-bottom: 25px !important;padding-left: 25px !important;}\u00a0\u00bb][vc_column_text css=\u00a0\u00bb.vc_custom_1747264365966{padding-left: 25px !important;}\u00a0\u00bb]<strong data-start=\"1078\" data-end=\"1095\">11h05 \u00e0 11h20 <\/strong>De l\u2019id\u00e9e \u00e0 l\u2019actif\u00a0: Int\u00e9gration de la propri\u00e9t\u00e9 intellectuelle dans votre ADN commercial[\/vc_column_text][vc_row_inner css=\u00a0\u00bb.vc_custom_1741272861577{padding-right: 25px !important;padding-left: 25px !important;}\u00a0\u00bb][vc_column_inner width=\u00a0\u00bb1\/5&Prime;][vc_single_image image=\u00a0\u00bb19172&Prime; alignment=\u00a0\u00bbcenter\u00a0\u00bb css=\u00a0\u00bb\u00a0\u00bb][vc_column_text css=\u00a0\u00bb\u00a0\u00bb]<\/p>\n<p style=\"text-align: center;\"><span class=\"TextRun Highlight SCXW223336794 BCX8\" lang=\"EN-US\" xml:lang=\"EN-US\" data-contrast=\"auto\"><span class=\"NormalTextRun SCXW223336794 BCX8\"><strong><span data-olk-copy-source=\"MessageBody\">Chris Pogue<\/span><br \/>\n<\/strong>Directeur de la propri\u00e9t\u00e9 intellectuelle et de la gestion des donn\u00e9es de SOC<br \/>\n<\/span><\/span><\/p>\n<p>[\/vc_column_text][\/vc_column_inner][vc_column_inner width=\u00a0\u00bb1\/5&Prime;][vc_single_image image=\u00a0\u00bb19137&Prime; alignment=\u00a0\u00bbcenter\u00a0\u00bb css=\u00a0\u00bb\u00a0\u00bb][vc_column_text css=\u00a0\u00bb\u00a0\u00bb]<\/p>\n<p style=\"text-align: center;\"><span class=\"TextRun Highlight SCXW223336794 BCX8\" lang=\"EN-US\" xml:lang=\"EN-US\" data-contrast=\"auto\"><span class=\"NormalTextRun SCXW223336794 BCX8\"><strong>Curtis Behmann<\/strong><br \/>\nAssoci\u00e9 et chef national \u2013 Strat\u00e9gie de la PI de Borden Ladner Gervais (BLG)<\/span><\/span><\/p>\n<p>[\/vc_column_text][\/vc_column_inner][vc_column_inner width=\u00a0\u00bb1\/5&Prime;][\/vc_column_inner][vc_column_inner width=\u00a0\u00bb1\/5&Prime;][\/vc_column_inner][vc_column_inner width=\u00a0\u00bb1\/5&Prime;][\/vc_column_inner][\/vc_row_inner][vc_separator css=\u00a0\u00bb.vc_custom_1741703662821{padding-bottom: 25px !important;padding-left: 25px !important;}\u00a0\u00bb][vc_column_text css=\u00a0\u00bb.vc_custom_1747264302546{padding-left: 25px !important;}\u00a0\u00bb]<strong data-start=\"1078\" data-end=\"1095\">11h20 \u00e0 11h50 <\/strong>Commercialisation et d\u00e9bouch\u00e9s \u00e9conomiques de la bio\u00e9conomie bleue[\/vc_column_text][vc_row_inner css=\u00a0\u00bb.vc_custom_1741272861577{padding-right: 25px !important;padding-left: 25px !important;}\u00a0\u00bb][vc_column_inner width=\u00a0\u00bb1\/5&Prime;][vc_single_image image=\u00a0\u00bb18227&Prime; alignment=\u00a0\u00bbcenter\u00a0\u00bb css=\u00a0\u00bb\u00a0\u00bb][vc_column_text css=\u00a0\u00bb\u00a0\u00bb]<\/p>\n<p style=\"text-align: center;\"><span class=\"TextRun Highlight SCXW223336794 BCX8\" lang=\"EN-US\" xml:lang=\"EN-US\" data-contrast=\"auto\"><span class=\"NormalTextRun SCXW223336794 BCX8\"><strong>Shelley King<br \/>\n<\/strong>PDG NPC<\/span><\/span><span class=\"EOP SCXW223336794 BCX8\" data-ccp-props=\"{&quot;201341983&quot;:0,&quot;335559740&quot;:259}\">\u00a0<\/span><\/p>\n<p>[\/vc_column_text][\/vc_column_inner][vc_column_inner width=\u00a0\u00bb1\/5&Prime;][vc_single_image image=\u00a0\u00bb18181&Prime; alignment=\u00a0\u00bbcenter\u00a0\u00bb css=\u00a0\u00bb\u00a0\u00bb][vc_column_text css=\u00a0\u00bb\u00a0\u00bb]<\/p>\n<p style=\"text-align: center;\"><span class=\"TextRun Highlight SCXW223336794 BCX8\" lang=\"EN-US\" xml:lang=\"EN-US\" data-contrast=\"auto\"><span class=\"NormalTextRun SCXW223336794 BCX8\"><strong><span data-olk-copy-source=\"MessageBody\">Rory Francis<br \/>\n<\/span><\/strong><span data-olk-copy-source=\"MessageBody\">PDG de PEI BioAlliance\u00a0\u00a0<\/span><br \/>\n<\/span><\/span><\/p>\n<p>[\/vc_column_text][\/vc_column_inner][vc_column_inner width=\u00a0\u00bb1\/5&Prime;][vc_single_image image=\u00a0\u00bb18890&Prime; alignment=\u00a0\u00bbcenter\u00a0\u00bb css=\u00a0\u00bb\u00a0\u00bb][vc_column_text css=\u00a0\u00bb\u00a0\u00bb]<\/p>\n<p style=\"text-align: center;\"><span class=\"TextRun Highlight SCXW223336794 BCX8\" lang=\"EN-US\" xml:lang=\"EN-US\" data-contrast=\"auto\"><span class=\"NormalTextRun SCXW223336794 BCX8\"><strong><span data-olk-copy-source=\"MessageBody\">Brianna Orr Stratton<br \/>\n<\/span><\/strong><span data-olk-copy-source=\"MessageBody\">Pr\u00e9sidente et fondatrice de DeNova\u00a0<\/span><br \/>\n<\/span><\/span><\/p>\n<p>[\/vc_column_text][\/vc_column_inner][vc_column_inner width=\u00a0\u00bb1\/5&Prime;][\/vc_column_inner][vc_column_inner width=\u00a0\u00bb1\/5&Prime;][\/vc_column_inner][\/vc_row_inner][vc_separator css=\u00a0\u00bb.vc_custom_1741703682102{padding-bottom: 25px !important;padding-left: 25px !important;}\u00a0\u00bb][vc_column_text css=\u00a0\u00bb.vc_custom_1747264246261{padding-left: 25px !important;}\u00a0\u00bb]<strong data-start=\"1078\" data-end=\"1095\">11h50 \u00e0 12h00 <\/strong>Pr\u00e9sentations \u00e9clair[\/vc_column_text][vc_separator css=\u00a0\u00bb.vc_custom_1741703682102{padding-bottom: 25px !important;padding-left: 25px !important;}\u00a0\u00bb][vc_column_text css=\u00a0\u00bb.vc_custom_1747264255724{padding-left: 25px !important;}\u00a0\u00bb]<strong data-start=\"1078\" data-end=\"1095\">12h30 \u00e0 12h30 <\/strong>Oc\u00e9an intelligent\u00a0: Navires et ports num\u00e9riques[\/vc_column_text][vc_row_inner css=\u00a0\u00bb.vc_custom_1741272861577{padding-right: 25px !important;padding-left: 25px !important;}\u00a0\u00bb][vc_column_inner width=\u00a0\u00bb1\/5&Prime;][vc_single_image image=\u00a0\u00bb19140&Prime; alignment=\u00a0\u00bbcenter\u00a0\u00bb css=\u00a0\u00bb\u00a0\u00bb][vc_column_text css=\u00a0\u00bb\u00a0\u00bb]<\/p>\n<p style=\"text-align: center;\"><strong>Paul Blomerus<\/strong><br \/>\nDirecteur g\u00e9n\u00e9ral de Clear Seas<\/p>\n<p>[\/vc_column_text][\/vc_column_inner][vc_column_inner width=\u00a0\u00bb1\/5&Prime;][vc_single_image image=\u00a0\u00bb19262&Prime; alignment=\u00a0\u00bbcenter\u00a0\u00bb css=\u00a0\u00bb\u00a0\u00bb][vc_column_text css=\u00a0\u00bb\u00a0\u00bb]<\/p>\n<p style=\"text-align: center;\"><span class=\"TextRun Highlight SCXW223336794 BCX8\" lang=\"EN-US\" xml:lang=\"EN-US\" data-contrast=\"auto\"><span class=\"NormalTextRun SCXW223336794 BCX8\"><strong><span class=\"TextRun SCXW40593804 BCX8\" lang=\"EN-US\" xml:lang=\"EN-US\" data-contrast=\"none\"><span class=\"NormalTextRun SCXW40593804 BCX8\">Becky Knox<\/span><\/span><\/strong><br \/>\n<span class=\"TextRun SpellingErrorZoomed SCXP263589887 BCX8\" lang=\"EN-US\" xml:lang=\"EN-US\" data-usefontface=\"true\" data-contrast=\"none\"><span class=\"SCXP263589887 BCX8\">Sp\u00e9cialiste<\/span><\/span> <span class=\"TextRun SpellingErrorZoomed SCXP263589887 BCX8\" lang=\"EN-US\" xml:lang=\"EN-US\" data-usefontface=\"true\" data-contrast=\"none\"><span class=\"SCXP263589887 BCX8\">en<\/span><\/span> <span class=\"TextRun SCXP263589887 BCX8\" lang=\"EN-US\" xml:lang=\"EN-US\" data-usefontface=\"true\" data-contrast=\"none\"><span class=\"NormalTextRun SCXP263589887 BCX8\">communications <\/span><\/span><span class=\"TextRun SpellingErrorZoomed SCXP263589887 BCX8\" lang=\"EN-US\" xml:lang=\"EN-US\" data-usefontface=\"true\" data-contrast=\"none\"><span class=\"SCXP263589887 BCX8\">strat\u00e9giques<\/span><\/span> <span class=\"LineBreakBlob BlobObject SCXP263589887 BCX8\"><span class=\"SCXP263589887 BCX8\">\u200b<\/span><br class=\"SCXP263589887 BCX8\" \/><\/span><span class=\"TextRun SCXP263589887 BCX8\" lang=\"EN-US\" xml:lang=\"EN-US\" data-usefontface=\"true\" data-contrast=\"none\"><span class=\"NormalTextRun SCXP263589887 BCX8\">du Port Saint John<\/span><\/span><span class=\"EOP SCXP263589887 BCX8\">\u200b<\/span><\/span><\/span><\/p>\n<p>[\/vc_column_text][\/vc_column_inner][vc_column_inner width=\u00a0\u00bb1\/5&Prime;][vc_single_image image=\u00a0\u00bb19146&Prime; alignment=\u00a0\u00bbcenter\u00a0\u00bb css=\u00a0\u00bb\u00a0\u00bb][vc_column_text css=\u00a0\u00bb\u00a0\u00bb]<\/p>\n<p style=\"text-align: center;\"><strong>Louis-Pierre Trottier<\/strong><br \/>\nDirecteur du Centre de surveillance du Groupe CSL<\/p>\n<p>[\/vc_column_text][\/vc_column_inner][vc_column_inner width=\u00a0\u00bb1\/5&Prime;][vc_single_image image=\u00a0\u00bb19209&Prime; alignment=\u00a0\u00bbcenter\u00a0\u00bb css=\u00a0\u00bb\u00a0\u00bb][vc_column_text css=\u00a0\u00bb\u00a0\u00bb]<\/p>\n<p style=\"text-align: center;\"><span class=\"TextRun Highlight SCXW223336794 BCX8\" lang=\"EN-US\" xml:lang=\"EN-US\" data-contrast=\"auto\"><span class=\"NormalTextRun SCXW223336794 BCX8\"><strong>Peter Adams<\/strong><br \/>\nAdministrateur du conseil d\u2019administration de SOC<\/span><\/span><\/p>\n<p>[\/vc_column_text][\/vc_column_inner][vc_column_inner width=\u00a0\u00bb1\/5&Prime;][\/vc_column_inner][\/vc_row_inner][vc_separator css=\u00a0\u00bb.vc_custom_1741703682102{padding-bottom: 25px !important;padding-left: 25px !important;}\u00a0\u00bb][vc_column_text css=\u00a0\u00bb.vc_custom_1747263852269{padding-left: 25px !important;}\u00a0\u00bb]<strong data-start=\"1078\" data-end=\"1095\">12h30 \u00e0 13h10 <\/strong>D\u00eener et r\u00e9seautage[\/vc_column_text][vc_separator css=\u00a0\u00bb.vc_custom_1741703662821{padding-bottom: 25px !important;padding-left: 25px !important;}\u00a0\u00bb][vc_column_text css=\u00a0\u00bb.vc_custom_1747263922190{padding-left: 25px !important;}\u00a0\u00bb]<strong data-start=\"1078\" data-end=\"1095\">12h30 \u00e0 13h30 <\/strong>De la vision \u00e0 la prosp\u00e9rit\u00e9\u00a0: Acc\u00e9l\u00e9ration de la croissance de la bio\u00e9conomie bleue[\/vc_column_text][vc_row_inner css=\u00a0\u00bb.vc_custom_1741272861577{padding-right: 25px !important;padding-left: 25px !important;}\u00a0\u00bb][vc_column_inner width=\u00a0\u00bb1\/5&Prime;][vc_single_image image=\u00a0\u00bb19149&Prime; alignment=\u00a0\u00bbcenter\u00a0\u00bb css=\u00a0\u00bb\u00a0\u00bb][vc_column_text css=\u00a0\u00bb\u00a0\u00bb]<\/p>\n<p style=\"text-align: center;\"><strong>Rory Francis<\/strong><br \/>\nPDG de PEI BioAlliance<\/p>\n<p>[\/vc_column_text][\/vc_column_inner][vc_column_inner width=\u00a0\u00bb1\/5&Prime;][vc_single_image image=\u00a0\u00bb19152&Prime; alignment=\u00a0\u00bbcenter\u00a0\u00bb css=\u00a0\u00bb\u00a0\u00bb][vc_column_text css=\u00a0\u00bb\u00a0\u00bb]<\/p>\n<p style=\"text-align: center;\"><span class=\"TextRun Highlight SCXW223336794 BCX8\" lang=\"EN-US\" xml:lang=\"EN-US\" data-contrast=\"auto\"><span class=\"NormalTextRun SCXW223336794 BCX8\"><strong>\u00a0Dawn Binns<\/strong><br \/>\nDirectrice de Dawn Binns Consulting<\/span><\/span><\/p>\n<p>[\/vc_column_text][\/vc_column_inner][vc_column_inner width=\u00a0\u00bb1\/5&Prime;][\/vc_column_inner][vc_column_inner width=\u00a0\u00bb1\/5&Prime;][\/vc_column_inner][vc_column_inner width=\u00a0\u00bb1\/5&Prime;][\/vc_column_inner][\/vc_row_inner][vc_separator css=\u00a0\u00bb.vc_custom_1741703682102{padding-bottom: 25px !important;padding-left: 25px !important;}\u00a0\u00bb][vc_column_text css=\u00a0\u00bb.vc_custom_1747263841805{padding-left: 25px !important;}\u00a0\u00bb]<strong data-start=\"1078\" data-end=\"1095\">13h10 \u00e0 13h30 <\/strong>Annonces de projets de SOC[\/vc_column_text][vc_separator css=\u00a0\u00bb.vc_custom_1741703688577{padding-bottom: 25px !important;padding-left: 25px !important;}\u00a0\u00bb][vc_column_text css=\u00a0\u00bb.vc_custom_1747263800979{padding-left: 25px !important;}\u00a0\u00bb]<strong data-start=\"1121\" data-end=\"1138\">13h30 \u00e0 14h00 <\/strong>Pr\u00e9sentation : R\u00e9imaginer le futur[\/vc_column_text][vc_row_inner css=\u00a0\u00bb.vc_custom_1741272861577{padding-right: 25px !important;padding-left: 25px !important;}\u00a0\u00bb][vc_column_inner width=\u00a0\u00bb1\/5&Prime;][vc_single_image image=\u00a0\u00bb17705&Prime; alignment=\u00a0\u00bbcenter\u00a0\u00bb css=\u00a0\u00bb\u00a0\u00bb][vc_column_text css=\u00a0\u00bb\u00a0\u00bb]<\/p>\n<p style=\"text-align: center;\"><b><span data-contrast=\"auto\">Shawn Kanungo<br \/>\n<\/span><\/b><span data-olk-copy-source=\"MessageBody\">Strat\u00e8ge en innovation et auteur \u00e0 succ\u00e8s<\/span><\/p>\n<p>[\/vc_column_text][\/vc_column_inner][vc_column_inner width=\u00a0\u00bb1\/5&Prime;][\/vc_column_inner][vc_column_inner width=\u00a0\u00bb1\/5&Prime;][\/vc_column_inner][vc_column_inner width=\u00a0\u00bb1\/5&Prime;][\/vc_column_inner][vc_column_inner width=\u00a0\u00bb1\/5&Prime;][\/vc_column_inner][\/vc_row_inner][vc_separator css=\u00a0\u00bb.vc_custom_1741703697383{padding-bottom: 25px !important;padding-left: 25px !important;}\u00a0\u00bb][vc_column_text css=\u00a0\u00bb.vc_custom_1746025439335{padding-left: 25px !important;}\u00a0\u00bb]<strong data-start=\"1018\" data-end=\"1034\">14h00 \u00e0 14h30 <\/strong><span data-olk-copy-source=\"MessageBody\">B\u00e2tir une main-d\u2019\u0153uvre r\u00e9siliente<\/span>[\/vc_column_text][vc_row_inner css=\u00a0\u00bb.vc_custom_1741272861577{padding-right: 25px !important;padding-left: 25px !important;}\u00a0\u00bb][vc_column_inner width=\u00a0\u00bb1\/5&Prime;][vc_single_image image=\u00a0\u00bb19160&Prime; alignment=\u00a0\u00bbcenter\u00a0\u00bb css=\u00a0\u00bb\u00a0\u00bb][vc_column_text css=\u00a0\u00bb\u00a0\u00bb]<\/p>\n<p style=\"text-align: center;\"><b><span data-contrast=\"auto\"><span class=\"TextRun Highlight SCXW202387773 BCX8\" lang=\"EN-US\" xml:lang=\"EN-US\" data-contrast=\"auto\"><span class=\"NormalTextRun SCXW202387773 BCX8\">Tom Roemer<\/span><\/span><br \/>\n<\/span><\/b><span data-olk-copy-source=\"MessageBody\">Directeur du Blue Pathways Initiative, COAST\u00a0<\/span><\/p>\n<p>[\/vc_column_text][\/vc_column_inner][vc_column_inner width=\u00a0\u00bb1\/5&Prime;][vc_single_image image=\u00a0\u00bb19168&Prime; alignment=\u00a0\u00bbcenter\u00a0\u00bb css=\u00a0\u00bb\u00a0\u00bb][vc_column_text css=\u00a0\u00bb\u00a0\u00bb]<\/p>\n<p style=\"text-align: center;\"><b><span data-contrast=\"auto\"><span class=\"TextRun Highlight SCXW202387773 BCX8\" lang=\"EN-US\" xml:lang=\"EN-US\" data-contrast=\"auto\"><span class=\"NormalTextRun SCXW202387773 BCX8\"><span class=\"TextRun Highlight SCXW170096872 BCX8\" lang=\"EN-US\" xml:lang=\"EN-US\" data-contrast=\"none\"><span class=\"NormalTextRun SCXW170096872 BCX8\">Julia Fields<\/span><\/span><\/span><\/span><br \/>\n<\/span><\/b><span data-olk-copy-source=\"MessageBody\">Directrice g\u00e9n\u00e9rale de la Canadian Marine Careers Foundation\u00a0<\/span><\/p>\n<p>[\/vc_column_text][\/vc_column_inner][vc_column_inner width=\u00a0\u00bb1\/5&Prime;][vc_single_image image=\u00a0\u00bb19155&Prime; alignment=\u00a0\u00bbcenter\u00a0\u00bb css=\u00a0\u00bb\u00a0\u00bb][vc_column_text css=\u00a0\u00bb\u00a0\u00bb]<\/p>\n<p style=\"text-align: center;\"><strong>Tara Mascarenhas<\/strong><br \/>\nDirectrice des programmes de SOI Foundation<\/p>\n<p>[\/vc_column_text][\/vc_column_inner][vc_column_inner width=\u00a0\u00bb1\/5&Prime;][vc_single_image image=\u00a0\u00bb19170&Prime; alignment=\u00a0\u00bbcenter\u00a0\u00bb css=\u00a0\u00bb\u00a0\u00bb][vc_column_text css=\u00a0\u00bb\u00a0\u00bb]<\/p>\n<p style=\"text-align: center;\"><strong>Sarah Thomas<\/strong><br \/>\nDirectrice principale du d\u00e9veloppement de DP Energy Group<\/p>\n<p>[\/vc_column_text][\/vc_column_inner][vc_column_inner width=\u00a0\u00bb1\/5&Prime;][\/vc_column_inner][\/vc_row_inner][vc_separator css=\u00a0\u00bb.vc_custom_1741703697383{padding-bottom: 25px !important;padding-left: 25px !important;}\u00a0\u00bb][vc_column_text css=\u00a0\u00bb.vc_custom_1747263621685{padding-left: 25px !important;}\u00a0\u00bb]<strong data-start=\"1018\" data-end=\"1034\">14h00 \u00e0 15h00 <\/strong>D\u00e9fi d\u2019innovation c\u00f4ti\u00e8re autochtone[\/vc_column_text][vc_column_text css=\u00a0\u00bb.vc_custom_1747263589653{padding-left: 25px !important;}\u00a0\u00bb]<\/p>\n<h3>S\u00e9ance en petits groupes\u00a0: salle capitale<\/h3>\n<p>[\/vc_column_text][vc_row_inner css=\u00a0\u00bb.vc_custom_1741272861577{padding-right: 25px !important;padding-left: 25px !important;}\u00a0\u00bb][vc_column_inner width=\u00a0\u00bb1\/5&Prime;][vc_single_image image=\u00a0\u00bb19174&Prime; alignment=\u00a0\u00bbcenter\u00a0\u00bb css=\u00a0\u00bb\u00a0\u00bb][vc_column_text css=\u00a0\u00bb\u00a0\u00bb]<\/p>\n<p style=\"text-align: center;\"><strong>Ralph Eldridge<\/strong><br \/>\nGestionnaire de la mobilisation des Autochtones de SOC<\/p>\n<p>[\/vc_column_text][\/vc_column_inner][vc_column_inner width=\u00a0\u00bb1\/5&Prime;][vc_single_image image=\u00a0\u00bb19124&Prime; alignment=\u00a0\u00bbcenter\u00a0\u00bb css=\u00a0\u00bb\u00a0\u00bb][vc_column_text css=\u00a0\u00bb\u00a0\u00bb]<\/p>\n<p style=\"text-align: center;\"><strong>Paul Langdon<\/strong><br \/>\nResponsable des initiatives strat\u00e9giques de Ulnooweg Development Group<\/p>\n<p>[\/vc_column_text][\/vc_column_inner][vc_column_inner width=\u00a0\u00bb1\/5&Prime;][\/vc_column_inner][vc_column_inner width=\u00a0\u00bb1\/5&Prime;][\/vc_column_inner][vc_column_inner width=\u00a0\u00bb1\/5&Prime;][\/vc_column_inner][\/vc_row_inner][vc_separator css=\u00a0\u00bb.vc_custom_1741703697383{padding-bottom: 25px !important;padding-left: 25px !important;}\u00a0\u00bb][vc_column_text css=\u00a0\u00bb.vc_custom_1747263388989{padding-left: 25px !important;}\u00a0\u00bb]<strong data-start=\"1018\" data-end=\"1034\">14h00 \u00e0 14h30 <\/strong>Impact \u00e9conomique de l\u2019\u00e9conomie oc\u00e9anique du Canada en 2035[\/vc_column_text][vc_row_inner css=\u00a0\u00bb.vc_custom_1741272861577{padding-right: 25px !important;padding-left: 25px !important;}\u00a0\u00bb][vc_column_inner width=\u00a0\u00bb1\/5&Prime;][vc_single_image image=\u00a0\u00bb19166&Prime; alignment=\u00a0\u00bbcenter\u00a0\u00bb css=\u00a0\u00bb\u00a0\u00bb][vc_column_text css=\u00a0\u00bb\u00a0\u00bb]<\/p>\n<p style=\"text-align: center;\"><strong>Dr Alan Chaffe<\/strong><br \/>\nDirecteur associ\u00e9 de la recherche \u00e9conomique du Conference Board du Canada<\/p>\n<p>[\/vc_column_text][\/vc_column_inner][vc_column_inner width=\u00a0\u00bb1\/5&Prime;][vc_single_image image=\u00a0\u00bb19206&Prime; alignment=\u00a0\u00bbcenter\u00a0\u00bb css=\u00a0\u00bb\u00a0\u00bb][vc_column_text css=\u00a0\u00bb\u00a0\u00bb]<\/p>\n<p style=\"text-align: center;\"><strong>Tamzin Gillis<\/strong><br \/>\nDirectrice des march\u00e9s et conseill\u00e8re juridique de SOC<\/p>\n<p>[\/vc_column_text][\/vc_column_inner][vc_column_inner width=\u00a0\u00bb1\/5&Prime;][\/vc_column_inner][vc_column_inner width=\u00a0\u00bb1\/5&Prime;][\/vc_column_inner][vc_column_inner width=\u00a0\u00bb1\/5&Prime;][\/vc_column_inner][\/vc_row_inner][vc_separator css=\u00a0\u00bb.vc_custom_1741703697383{padding-bottom: 25px !important;padding-left: 25px !important;}\u00a0\u00bb][vc_column_text css=\u00a0\u00bb.vc_custom_1747263314529{padding-left: 25px !important;}\u00a0\u00bb]<span data-olk-copy-source=\"MessageBody\"><strong>15h15 \u00e0 15h45<\/strong> Pr\u00e9sentations \u00e9clair\u00a0<\/span>[\/vc_column_text][vc_separator css=\u00a0\u00bb.vc_custom_1741703697383{padding-bottom: 25px !important;padding-left: 25px !important;}\u00a0\u00bb][vc_column_text css=\u00a0\u00bb.vc_custom_1747263305381{padding-left: 25px !important;}\u00a0\u00bb]<strong data-start=\"1018\" data-end=\"1034\">15h00 \u00e0 15h15 <\/strong>Pause[\/vc_column_text][vc_separator css=\u00a0\u00bb.vc_custom_1741703697383{padding-bottom: 25px !important;padding-left: 25px !important;}\u00a0\u00bb][vc_column_text css=\u00a0\u00bb.vc_custom_1745867928563{padding-left: 25px !important;}\u00a0\u00bb]<span data-olk-copy-source=\"MessageBody\"><strong>15h00 \u00e0 15h45<\/strong>\u00a0Combler les lacunes des investissements priv\u00e9s<\/span>[\/vc_column_text][vc_row_inner css=\u00a0\u00bb.vc_custom_1741272861577{padding-right: 25px !important;padding-left: 25px !important;}\u00a0\u00bb][vc_column_inner width=\u00a0\u00bb1\/5&Prime;][vc_single_image image=\u00a0\u00bb18218&Prime; alignment=\u00a0\u00bbcenter\u00a0\u00bb css=\u00a0\u00bb\u00a0\u00bb][vc_column_text css=\u00a0\u00bb\u00a0\u00bb]<\/p>\n<p style=\"text-align: center;\"><span data-olk-copy-source=\"MessageBody\"><strong>Simon Olivier<\/strong><br \/>\nFonds Cycle H2O<br \/>\n<\/span><\/p>\n<p>[\/vc_column_text][\/vc_column_inner][vc_column_inner width=\u00a0\u00bb1\/5&Prime;][vc_single_image image=\u00a0\u00bb18040&Prime; alignment=\u00a0\u00bbcenter\u00a0\u00bb css=\u00a0\u00bb\u00a0\u00bb][vc_column_text css=\u00a0\u00bb\u00a0\u00bb]<\/p>\n<p style=\"text-align: center;\"><span data-olk-copy-source=\"MessageBody\"><strong><span class=\"TextRun Highlight SCXW127462327 BCX8\" lang=\"EN-US\" xml:lang=\"EN-US\" data-contrast=\"auto\"><span class=\"NormalTextRun SCXW127462327 BCX8\">Ann Carpenter<\/span><\/span><\/strong><br \/>\nPDG de Braid Theory<br \/>\n<\/span><\/p>\n<p>[\/vc_column_text][\/vc_column_inner][vc_column_inner width=\u00a0\u00bb1\/5&Prime;][vc_single_image image=\u00a0\u00bb18855&Prime; alignment=\u00a0\u00bbcenter\u00a0\u00bb css=\u00a0\u00bb\u00a0\u00bb][vc_column_text css=\u00a0\u00bb\u00a0\u00bb]<\/p>\n<p style=\"text-align: center;\"><span data-olk-copy-source=\"MessageBody\"><strong>Matt Stanley<\/strong><br \/>\nAssoci\u00e9 de Climate Tech Fund, BDC<br \/>\n<\/span><\/p>\n<p>[\/vc_column_text][\/vc_column_inner][vc_column_inner width=\u00a0\u00bb1\/5&Prime;][vc_single_image image=\u00a0\u00bb19194&Prime; alignment=\u00a0\u00bbcenter\u00a0\u00bb css=\u00a0\u00bb\u00a0\u00bb][vc_column_text css=\u00a0\u00bb\u00a0\u00bb]<\/p>\n<p style=\"text-align: center;\"><span data-olk-copy-source=\"MessageBody\"><strong>Sonya Shorey<\/strong><br \/>\nPr\u00e9sidente et chef de la direction d\u2019Invest Ottawa<\/span><\/p>\n<p>[\/vc_column_text][\/vc_column_inner][vc_column_inner width=\u00a0\u00bb1\/5&Prime;][\/vc_column_inner][\/vc_row_inner][vc_separator css=\u00a0\u00bb.vc_custom_1741703697383{padding-bottom: 25px !important;padding-left: 25px !important;}\u00a0\u00bb][vc_column_text css=\u00a0\u00bb.vc_custom_1747263055703{padding-left: 25px !important;}\u00a0\u00bb]<span data-olk-copy-source=\"MessageBody\"><strong>15h00 \u00e0 16h30<\/strong>\u00a0Stimuler l\u2019innovation\u00a0: Introduction aux march\u00e9s du carbone et \u00e0 l\u2019\u00e9limination du carbone dans les oc\u00e9ans (mCDR)<\/span><\/p>\n<h3>S\u00e9ance en petits groupes\u00a0: salle capitale<\/h3>\n<p>[\/vc_column_text][vc_row_inner css=\u00a0\u00bb.vc_custom_1741272861577{padding-right: 25px !important;padding-left: 25px !important;}\u00a0\u00bb][vc_column_inner width=\u00a0\u00bb1\/5&Prime;][vc_single_image image=\u00a0\u00bb18800&Prime; alignment=\u00a0\u00bbcenter\u00a0\u00bb css=\u00a0\u00bb\u00a0\u00bb][vc_column_text css=\u00a0\u00bb\u00a0\u00bb]<\/p>\n<p style=\"text-align: center;\"><span data-olk-copy-source=\"MessageBody\"><strong>Akash Rastogi<\/strong><br \/>\nConseiller en strat\u00e9gie de SOC<\/span><\/p>\n<p>[\/vc_column_text][\/vc_column_inner][vc_column_inner width=\u00a0\u00bb1\/5&Prime;][\/vc_column_inner][vc_column_inner width=\u00a0\u00bb1\/5&Prime;][\/vc_column_inner][vc_column_inner width=\u00a0\u00bb1\/5&Prime;][\/vc_column_inner][vc_column_inner width=\u00a0\u00bb1\/5&Prime;][\/vc_column_inner][\/vc_row_inner][vc_separator css=\u00a0\u00bb.vc_custom_1741703697383{padding-bottom: 25px !important;padding-left: 25px !important;}\u00a0\u00bb][vc_column_text css=\u00a0\u00bb.vc_custom_1747262937361{padding-left: 25px !important;}\u00a0\u00bb]<strong>15h45 \u00e0 16h15<\/strong> D\u00e9velopper une entreprise oc\u00e9anique\u00a0: Apprendre des fondateurs prosp\u00e8res[\/vc_column_text][vc_row_inner css=\u00a0\u00bb.vc_custom_1741272861577{padding-right: 25px !important;padding-left: 25px !important;}\u00a0\u00bb][vc_column_inner width=\u00a0\u00bb1\/5&Prime;][vc_single_image image=\u00a0\u00bb18592&Prime; alignment=\u00a0\u00bbcenter\u00a0\u00bb css=\u00a0\u00bb\u00a0\u00bb][vc_column_text css=\u00a0\u00bb\u00a0\u00bb]<\/p>\n<p style=\"text-align: center;\"><span data-olk-copy-source=\"MessageBody\"><strong>Dragan Tutic<\/strong><br \/>\nPDG et fondateur d\u2019Oneka Technologies<br \/>\n<\/span><\/p>\n<p>[\/vc_column_text][\/vc_column_inner][vc_column_inner width=\u00a0\u00bb1\/5&Prime;][vc_single_image image=\u00a0\u00bb19196&Prime; alignment=\u00a0\u00bbcenter\u00a0\u00bb css=\u00a0\u00bb\u00a0\u00bb][vc_column_text css=\u00a0\u00bb\u00a0\u00bb]<\/p>\n<p style=\"text-align: center;\"><span data-olk-copy-source=\"MessageBody\"><strong>Susan Elliott<\/strong><br \/>\nDirectrice de la r\u00e9alisation de projets de SOC<\/span><\/p>\n<p>[\/vc_column_text][\/vc_column_inner][vc_column_inner width=\u00a0\u00bb1\/5&Prime;][vc_single_image image=\u00a0\u00bb19267&Prime; alignment=\u00a0\u00bbcenter\u00a0\u00bb css=\u00a0\u00bb\u00a0\u00bb][vc_column_text css=\u00a0\u00bb\u00a0\u00bb]<\/p>\n<p style=\"text-align: center;\"><strong><span class=\"TextRun SCXW10277924 BCX8\" lang=\"EN-US\" xml:lang=\"EN-US\" data-contrast=\"none\"><span class=\"NormalTextRun SCXW10277924 BCX8\">Richard Kolacz<\/span><\/span><\/strong><span class=\"LineBreakBlob BlobObject DragDrop SCXW10277924 BCX8\"><strong><span class=\"SCXW10277924 BCX8\">\u00a0<\/span><\/strong><br class=\"SCXW10277924 BCX8\" \/><\/span>PDG de Global Spatial Technology Solutions<\/p>\n<p>[\/vc_column_text][\/vc_column_inner][vc_column_inner width=\u00a0\u00bb1\/5&Prime;][\/vc_column_inner][vc_column_inner width=\u00a0\u00bb1\/5&Prime;][\/vc_column_inner][\/vc_row_inner][vc_separator css=\u00a0\u00bb.vc_custom_1741703697383{padding-bottom: 25px !important;padding-left: 25px !important;}\u00a0\u00bb][vc_column_text css=\u00a0\u00bb.vc_custom_1747262807457{padding-left: 25px !important;}\u00a0\u00bb]<strong>16h15 \u00e0 16h35<\/strong>\u00a0<span data-olk-copy-source=\"MessageBody\">Soutenir l\u2019\u00e9conomie oc\u00e9anique dans le nouveau paysage politique<\/span>[\/vc_column_text][vc_row_inner css=\u00a0\u00bb.vc_custom_1741272861577{padding-right: 25px !important;padding-left: 25px !important;}\u00a0\u00bb][vc_column_inner width=\u00a0\u00bb1\/5&Prime;][vc_single_image image=\u00a0\u00bb18897&Prime; alignment=\u00a0\u00bbcenter\u00a0\u00bb css=\u00a0\u00bb\u00a0\u00bb][vc_column_text css=\u00a0\u00bb\u00a0\u00bb]<\/p>\n<p style=\"text-align: center;\"><span data-olk-copy-source=\"MessageBody\"><strong>Nancy Andrews<\/strong><br \/>\nDirectrice de l\u2019engagement et des communications de SOC\u00a0<\/span><\/p>\n<p>[\/vc_column_text][\/vc_column_inner][vc_column_inner width=\u00a0\u00bb1\/5&Prime;][vc_single_image image=\u00a0\u00bb17695&Prime; alignment=\u00a0\u00bbcenter\u00a0\u00bb css=\u00a0\u00bb\u00a0\u00bb][vc_column_text css=\u00a0\u00bb\u00a0\u00bb]<\/p>\n<p style=\"text-align: center;\"><span data-olk-copy-source=\"MessageBody\"><strong>Cara Salci<\/strong><br \/>\nAdministratrice du conseil d\u2019administration de SOC<\/span><\/p>\n<p>[\/vc_column_text][\/vc_column_inner][vc_column_inner width=\u00a0\u00bb1\/5&Prime;][\/vc_column_inner][vc_column_inner width=\u00a0\u00bb1\/5&Prime;][\/vc_column_inner][vc_column_inner width=\u00a0\u00bb1\/5&Prime;][\/vc_column_inner][\/vc_row_inner][vc_separator css=\u00a0\u00bb.vc_custom_1741703697383{padding-bottom: 25px !important;padding-left: 25px !important;}\u00a0\u00bb][vc_column_text css=\u00a0\u00bb.vc_custom_1747262793884{padding-left: 25px !important;}\u00a0\u00bb]<strong>16h35 \u00e0 17h00<\/strong> Allocution de cl\u00f4ture[\/vc_column_text][vc_separator css=\u00a0\u00bb.vc_custom_1741703705899{padding-bottom: 25px !important;padding-left: 25px !important;}\u00a0\u00bb][\/vc_tta_section][vc_tta_section title=\u00a0\u00bbJour 3&Prime; tab_id=\u00a0\u00bb1741273224042-bf7003b9-1916&Prime;][vc_column_text css=\u00a0\u00bb.vc_custom_1741704127417{padding-top: 25px !important;padding-left: 25px !important;}\u00a0\u00bb]<\/p>\n<h2><span style=\"color: #216efa;\">Jour 3<\/span><br \/>\n<span style=\"color: #216efa;\">Vendredi 23 mai 2025<\/span><\/h2>\n<p>[\/vc_column_text][vc_column_text css=\u00a0\u00bb.vc_custom_1747265538891{padding-left: 25px !important;}\u00a0\u00bb]<strong data-start=\"1321\" data-end=\"1336\">8h00 \u00e0 9h00 <\/strong>D\u00e9jeuner continental et r\u00e9seautage[\/vc_column_text][vc_separator css=\u00a0\u00bb.vc_custom_1741703751991{padding-bottom: 25px !important;padding-left: 25px !important;}\u00a0\u00bb][vc_column_text css=\u00a0\u00bb.vc_custom_1747265730303{padding-left: 25px !important;}\u00a0\u00bb]<strong data-start=\"1321\" data-end=\"1336\">9h00 \u00e0 11h00 <\/strong>D\u00e9veloppement de votre marque oc\u00e9anique &#8211; Cours de ma\u00eetre sur la valorisation de la marque avec SOC<\/p>\n<h3>S\u00e9ance en petits groupes : salle A\/B<\/h3>\n<p>Une marque forte est plus importante que jamais. Au cours de cette s\u00e9ance, les participants acquerront des id\u00e9es et d\u00e9couvriront des applications pratiques. Les participants apprendront ainsi la fa\u00e7on de b\u00e2tir une marque efficace, ind\u00e9pendamment de la taille et de la maturit\u00e9 de l\u2019organisation, la fa\u00e7on de naviguer dans un paysage politique en mutation ainsi que la fa\u00e7on de se d\u00e9marquer et communiquer efficacement votre \u00ab\u00a0pourquoi?\u00a0\u00bb.<br \/>\nApprenez les meilleures pratiques ainsi que les trucs et astuces des communicateurs oc\u00e9aniques experts. Les participants recevront des lignes directrices et des ressources marketing, ainsi que des plans concrets pour les six \u00e0 douze prochains mois.[\/vc_column_text][vc_row_inner][vc_column_inner width=\u00a0\u00bb1\/4&Prime;][vc_single_image image=\u00a0\u00bb18897&Prime; alignment=\u00a0\u00bbcenter\u00a0\u00bb css=\u00a0\u00bb\u00a0\u00bb][vc_column_text css=\u00a0\u00bb\u00a0\u00bb]<\/p>\n<p style=\"text-align: center;\"><strong>Nancy Andrews<\/strong><br \/>\nDirectrice de l\u2019engagement et des communications de SOC<\/p>\n<p>[\/vc_column_text][\/vc_column_inner][vc_column_inner width=\u00a0\u00bb1\/4&Prime;][vc_single_image image=\u00a0\u00bb17695&Prime; alignment=\u00a0\u00bbcenter\u00a0\u00bb css=\u00a0\u00bb\u00a0\u00bb][vc_column_text css=\u00a0\u00bb\u00a0\u00bb]<\/p>\n<p style=\"text-align: center;\"><strong>Cara Salci<\/strong><br \/>\nAdministratrice du Conseil d\u2019administration de SOC<\/p>\n<p>[\/vc_column_text][\/vc_column_inner][vc_column_inner width=\u00a0\u00bb1\/4&Prime;][\/vc_column_inner][vc_column_inner width=\u00a0\u00bb1\/4&Prime;][\/vc_column_inner][\/vc_row_inner][vc_separator css=\u00a0\u00bb.vc_custom_1741703751991{padding-bottom: 25px !important;padding-left: 25px !important;}\u00a0\u00bb][vc_column_text css=\u00a0\u00bb.vc_custom_1747265706477{padding-left: 25px !important;}\u00a0\u00bb]<strong data-start=\"1321\" data-end=\"1336\">09h00 \u00e0 11h00 <\/strong>Au-del\u00e0 de la cro\u00fbte\u00a0: D\u00e9mystifiez les brevets avec l\u2019histoire d\u2019Uncrustables\u00ae<\/p>\n<h3>S\u00e9ance en petits groupes\u00a0: salle capitale<\/h3>\n<p>D\u00e9mystifiez la propri\u00e9t\u00e9 intellectuelle (PI) avec un atelier\u00a0sur les brevets en prenant comme exemple l\u2019histoire \u00ab\u00a0Uncrustables\u00ae\u00a0\u00bb de Smucker. \u00a0Cette s\u00e9ance fournira aux PME une introduction aux brevets et donnera un aper\u00e7u g\u00e9n\u00e9ral du pouvoir strat\u00e9gique de d\u00e9velopper une strat\u00e9gie de propri\u00e9t\u00e9 intellectuelle solide pour cr\u00e9er de la valeur commerciale et stimuler la croissance.[\/vc_column_text][vc_row_inner][vc_column_inner width=\u00a0\u00bb1\/4&Prime;][vc_single_image image=\u00a0\u00bb19183&Prime; alignment=\u00a0\u00bbcenter\u00a0\u00bb css=\u00a0\u00bb\u00a0\u00bb][vc_column_text css=\u00a0\u00bb\u00a0\u00bb]<\/p>\n<p style=\"text-align: center;\"><strong>Grant Lynds<\/strong><br \/>\nConseiller principal, Centre d\u2019expertise en PI, Innovation de Sciences et d\u00e9veloppement \u00e9conomique Canada<\/p>\n<p>[\/vc_column_text][\/vc_column_inner][vc_column_inner width=\u00a0\u00bb1\/4&Prime;][vc_single_image image=\u00a0\u00bb19137&Prime; alignment=\u00a0\u00bbcenter\u00a0\u00bb css=\u00a0\u00bb\u00a0\u00bb][vc_column_text css=\u00a0\u00bb\u00a0\u00bb]<\/p>\n<p style=\"text-align: center;\"><strong>Curtis Behmann<\/strong><br \/>\nAssoci\u00e9 et responsable national, Beyond IP Strategy de BLG<\/p>\n<p>[\/vc_column_text][\/vc_column_inner][vc_column_inner width=\u00a0\u00bb1\/4&Prime;][vc_single_image image=\u00a0\u00bb19172&Prime; alignment=\u00a0\u00bbcenter\u00a0\u00bb css=\u00a0\u00bb\u00a0\u00bb][vc_column_text css=\u00a0\u00bb\u00a0\u00bb]<\/p>\n<p style=\"text-align: center;\"><strong>Shafiq Manji<\/strong><br \/>\nDirecteur de la propri\u00e9t\u00e9 intellectuelle et de la gestion des donn\u00e9es de SOC<\/p>\n<p>[\/vc_column_text][\/vc_column_inner][vc_column_inner width=\u00a0\u00bb1\/4&Prime;][\/vc_column_inner][\/vc_row_inner][vc_separator css=\u00a0\u00bb.vc_custom_1741703751991{padding-bottom: 25px !important;padding-left: 25px !important;}\u00a0\u00bb][vc_column_text css=\u00a0\u00bb.vc_custom_1747265772911{padding-left: 25px !important;}\u00a0\u00bb]<strong data-start=\"1321\" data-end=\"1336\">09h00 \u00e0 11h00 <\/strong>D\u00e9veloppement des activit\u00e9s oc\u00e9aniques gr\u00e2ce au perfectionnement strat\u00e9gique<br \/>\ndes talents<\/p>\n<h3>S\u00e9ance en petits groupes : salle C<\/h3>\n<p>B\u00e2tir la bonne \u00e9quipe est essentiel pour faire \u00e9voluer votre entreprise oc\u00e9anique. Cette s\u00e9ance interactive aide les leaders des technologies oc\u00e9aniques \u00e0 aligner leur strat\u00e9gie de main-d\u2019\u0153uvre sur la croissance de l\u2019entreprise. Gr\u00e2ce \u00e0 un processus pratique en trois parties, vous \u00e9valuerez les talents actuels, pr\u00e9direz les besoins futurs et \u00e9tablirez une feuille de route claire pour attirer, d\u00e9velopper et conserver les bonnes personnes avec les bonnes comp\u00e9tences, au bon moment et au bon endroit. Vous obtiendrez ainsi une strat\u00e9gie de talent con\u00e7ue pour faire \u00e9voluer votre impact et soutenir l\u2019innovation.[\/vc_column_text][vc_row_inner][vc_column_inner width=\u00a0\u00bb1\/4&Prime;][vc_single_image image=\u00a0\u00bb19160&Prime; alignment=\u00a0\u00bbcenter\u00a0\u00bb css=\u00a0\u00bb\u00a0\u00bb][vc_column_text css=\u00a0\u00bb\u00a0\u00bb]<\/p>\n<p style=\"text-align: center;\"><strong>Tom Roemer<\/strong><br \/>\nDirecteur du Blue Pathways Initiative, COAST<\/p>\n<p>[\/vc_column_text][\/vc_column_inner][vc_column_inner width=\u00a0\u00bb1\/4&Prime;][vc_single_image image=\u00a0\u00bb19188&Prime; alignment=\u00a0\u00bbcenter\u00a0\u00bb css=\u00a0\u00bb\u00a0\u00bb][vc_column_text css=\u00a0\u00bb\u00a0\u00bb]<\/p>\n<p style=\"text-align: center;\"><strong>Melissa Feaver<\/strong><br \/>\nCoordonnatrice du d\u00e9veloppement de la main-d\u2019\u0153uvre de la grappe de SOC<\/p>\n<p>[\/vc_column_text][\/vc_column_inner][vc_column_inner width=\u00a0\u00bb1\/4&Prime;][vc_single_image image=\u00a0\u00bb19170&Prime; alignment=\u00a0\u00bbcenter\u00a0\u00bb css=\u00a0\u00bb\u00a0\u00bb][vc_column_text css=\u00a0\u00bb\u00a0\u00bb]<\/p>\n<p style=\"text-align: center;\"><strong>Sarah Thomas<\/strong><br \/>\nDirectrice des programmes autochtones de<br \/>\nClear Seas<\/p>\n<p>[\/vc_column_text][\/vc_column_inner][vc_column_inner width=\u00a0\u00bb1\/4&Prime;][\/vc_column_inner][\/vc_row_inner][vc_separator css=\u00a0\u00bb.vc_custom_1741703761578{padding-bottom: 25px !important;padding-left: 25px !important;}\u00a0\u00bb][vc_column_text css=\u00a0\u00bb.vc_custom_1747265564164{padding-bottom: 25px !important;padding-left: 25px !important;}\u00a0\u00bb]<strong data-start=\"1377\" data-end=\"1392\">10h30 \u00e0 11h00 <\/strong>Rafra\u00eechissements[\/vc_column_text][\/vc_tta_section][\/vc_tta_tour][\/vc_column][\/vc_row][\/vc_section][vc_section css=\u00a0\u00bb.vc_custom_1741273840302{padding-top: 75px !important;padding-bottom: 75px !important;}\u00a0\u00bb][vc_row][vc_column width=\u00a0\u00bb1\/4&Prime;][vc_column_text css=\u00a0\u00bb\u00a0\u00bb]<\/p>\n<h2>Catalyseurs<\/h2>\n<p>[\/vc_column_text][\/vc_column][vc_column width=\u00a0\u00bb3\/4&Prime;][vc_row_inner][vc_column_inner][vc_column_text css=\u00a0\u00bb\u00a0\u00bb]Faites la rencontre des Catalyseurs d\u2019Ambition 2035! Ces partenaires \u00e9cosyst\u00e9miques sont des facilitateurs, des experts en la mati\u00e8re et des d\u00e9fenseurs d\u2019Ambition\u00a02035. Connectez avec des Catalyseurs au Sommet Ambition\u00a02035 pour en apprendre davantage sur l\u2019\u00e9conomie oc\u00e9anique du Canada d\u2019un oc\u00e9an \u00e0 l\u2019autre et vous y impliquer![\/vc_column_text][\/vc_column_inner][\/vc_row_inner][vc_row_inner][vc_column_inner width=\u00a0\u00bb1\/4&Prime;][vc_single_image image=\u00a0\u00bb17886&Prime; img_size=\u00a0\u00bbmedium\u00a0\u00bb alignment=\u00a0\u00bbcenter\u00a0\u00bb onclick=\u00a0\u00bbcustom_link\u00a0\u00bb css=\u00a0\u00bb\u00a0\u00bb link=\u00a0\u00bbhttps:\/\/www.oceanstartupproject.ca\/\u00a0\u00bb][\/vc_column_inner][vc_column_inner width=\u00a0\u00bb1\/4&Prime;][vc_single_image image=\u00a0\u00bb17857&Prime; img_size=\u00a0\u00bbmedium\u00a0\u00bb alignment=\u00a0\u00bbcenter\u00a0\u00bb onclick=\u00a0\u00bbcustom_link\u00a0\u00bb css=\u00a0\u00bb\u00a0\u00bb link=\u00a0\u00bbhttps:\/\/marinerenewables.ca\/\u00a0\u00bb][\/vc_column_inner][vc_column_inner width=\u00a0\u00bb1\/4&Prime;][vc_single_image image=\u00a0\u00bb17859&Prime; img_size=\u00a0\u00bbmedium\u00a0\u00bb alignment=\u00a0\u00bbcenter\u00a0\u00bb onclick=\u00a0\u00bbcustom_link\u00a0\u00bb css=\u00a0\u00bb\u00a0\u00bb link=\u00a0\u00bbhttps:\/\/fr.foresightcac.com\/\u00a0\u00bb][\/vc_column_inner][vc_column_inner width=\u00a0\u00bb1\/4&Prime;][vc_single_image image=\u00a0\u00bb17861&Prime; img_size=\u00a0\u00bbmedium\u00a0\u00bb alignment=\u00a0\u00bbcenter\u00a0\u00bb onclick=\u00a0\u00bbcustom_link\u00a0\u00bb css=\u00a0\u00bb\u00a0\u00bb link=\u00a0\u00bbhttps:\/\/www.leciperhfx.com\/\u00a0\u00bb][\/vc_column_inner][\/vc_row_inner][vc_row_inner][vc_column_inner width=\u00a0\u00bb1\/4&Prime;][vc_single_image image=\u00a0\u00bb17877&Prime; img_size=\u00a0\u00bbmedium\u00a0\u00bb alignment=\u00a0\u00bbcenter\u00a0\u00bb onclick=\u00a0\u00bbcustom_link\u00a0\u00bb css=\u00a0\u00bb\u00a0\u00bb link=\u00a0\u00bbhttps:\/\/oceansadvance.net\/\u00a0\u00bb][\/vc_column_inner][vc_column_inner width=\u00a0\u00bb1\/4&Prime;][vc_single_image image=\u00a0\u00bb17880&Prime; img_size=\u00a0\u00bbmedium\u00a0\u00bb alignment=\u00a0\u00bbcenter\u00a0\u00bb onclick=\u00a0\u00bbcustom_link\u00a0\u00bb css=\u00a0\u00bb\u00a0\u00bb link=\u00a0\u00bbhttps:\/\/www.abcmi.ca\/cpages\/home\u00a0\u00bb][\/vc_column_inner][vc_column_inner width=\u00a0\u00bb1\/4&Prime;][vc_single_image image=\u00a0\u00bb17937&Prime; img_size=\u00a0\u00bbmedium\u00a0\u00bb alignment=\u00a0\u00bbcenter\u00a0\u00bb onclick=\u00a0\u00bbcustom_link\u00a0\u00bb css=\u00a0\u00bb\u00a0\u00bb link=\u00a0\u00bbhttps:\/\/canadacoast.ca\/innovationspace\/\u00a0\u00bb][\/vc_column_inner][vc_column_inner width=\u00a0\u00bb1\/4&Prime;][vc_single_image image=\u00a0\u00bb18209&Prime; img_size=\u00a0\u00bbmedium\u00a0\u00bb alignment=\u00a0\u00bbcenter\u00a0\u00bb onclick=\u00a0\u00bbcustom_link\u00a0\u00bb css=\u00a0\u00bb\u00a0\u00bb link=\u00a0\u00bbhttps:\/\/cidco.ca\/centre-interdisciplinaire-de-developpement-en-cartographie-des-oceans\u00a0\u00bb][\/vc_column_inner][\/vc_row_inner][vc_row_inner][vc_column_inner width=\u00a0\u00bb1\/4&Prime;][vc_single_image image=\u00a0\u00bb18187&Prime; img_size=\u00a0\u00bbmedium\u00a0\u00bb alignment=\u00a0\u00bbcenter\u00a0\u00bb onclick=\u00a0\u00bbcustom_link\u00a0\u00bb css=\u00a0\u00bb\u00a0\u00bb link=\u00a0\u00bbhttps:\/\/peibioalliance.com\/\u00a0\u00bb][\/vc_column_inner][vc_column_inner width=\u00a0\u00bb1\/4&Prime;][vc_single_image image=\u00a0\u00bb18282&Prime; img_size=\u00a0\u00bbmedium\u00a0\u00bb alignment=\u00a0\u00bbcenter\u00a0\u00bb onclick=\u00a0\u00bbcustom_link\u00a0\u00bb css=\u00a0\u00bb\u00a0\u00bb link=\u00a0\u00bbhttps:\/\/coveocean.com\/\u00a0\u00bb][\/vc_column_inner][vc_column_inner width=\u00a0\u00bb1\/4&Prime;][vc_single_image image=\u00a0\u00bb18848&Prime; img_size=\u00a0\u00bbmedium\u00a0\u00bb onclick=\u00a0\u00bbcustom_link\u00a0\u00bb css=\u00a0\u00bb\u00a0\u00bb link=\u00a0\u00bbhttps:\/\/fabricinnovation.ca\/\u00a0\u00bb][\/vc_column_inner][vc_column_inner width=\u00a0\u00bb1\/4&Prime;][\/vc_column_inner][\/vc_row_inner][\/vc_column][\/vc_row][\/vc_section][vc_section full_width=\u00a0\u00bbstretch_row\u00a0\u00bb css=\u00a0\u00bb.vc_custom_1738266563036{padding-top: 100px !important;padding-bottom: 75px !important;background-color: #F2F2F2 !important;}\u00a0\u00bb][vc_row][vc_column width=\u00a0\u00bb1\/4&Prime;][vc_column_text css=\u00a0\u00bb\u00a0\u00bb]<\/p>\n<h2>Ressources d\u2019Ambition 2035<\/h2>\n<p>[\/vc_column_text][\/vc_column][vc_column width=\u00a0\u00bb3\/4&Prime;][vc_row_inner][vc_column_inner width=\u00a0\u00bb1\/5&Prime;][vc_single_image image=\u00a0\u00bb14361&Prime; img_size=\u00a0\u00bblarge\u00a0\u00bb alignment=\u00a0\u00bbcenter\u00a0\u00bb onclick=\u00a0\u00bbcustom_link\u00a0\u00bb img_link_target=\u00a0\u00bb_blank\u00a0\u00bb css=\u00a0\u00bb\u00a0\u00bb link=\u00a0\u00bbhttps:\/\/oceansupercluster.ca\/wp-content\/uploads\/Ambition2035_Documenet_French.pdf\u00a0\u00bb][\/vc_column_inner][vc_column_inner width=\u00a0\u00bb1\/5&Prime;][vc_single_image image=\u00a0\u00bb14363&Prime; img_size=\u00a0\u00bblarge\u00a0\u00bb alignment=\u00a0\u00bbcenter\u00a0\u00bb onclick=\u00a0\u00bbcustom_link\u00a0\u00bb img_link_target=\u00a0\u00bb_blank\u00a0\u00bb css=\u00a0\u00bb\u00a0\u00bb link=\u00a0\u00bbhttps:\/\/oceansupercluster.ca\/wp-content\/uploads\/Ambition2035_NextSteps_Document_French_Final-3.pdf\u00a0\u00bb][\/vc_column_inner][vc_column_inner width=\u00a0\u00bb1\/5&Prime;][vc_single_image image=\u00a0\u00bb15117&Prime; img_size=\u00a0\u00bblarge\u00a0\u00bb alignment=\u00a0\u00bbcenter\u00a0\u00bb onclick=\u00a0\u00bbcustom_link\u00a0\u00bb img_link_target=\u00a0\u00bb_blank\u00a0\u00bb css=\u00a0\u00bb\u00a0\u00bb link=\u00a0\u00bbhttps:\/\/oceansupercluster.ca\/wp-content\/uploads\/Hydrogen-2024_Fr.pdf\u00a0\u00bb][\/vc_column_inner][vc_column_inner width=\u00a0\u00bb1\/5&Prime;][vc_single_image image=\u00a0\u00bb14884&Prime; img_size=\u00a0\u00bblarge\u00a0\u00bb alignment=\u00a0\u00bbcenter\u00a0\u00bb onclick=\u00a0\u00bbcustom_link\u00a0\u00bb img_link_target=\u00a0\u00bb_blank\u00a0\u00bb css=\u00a0\u00bb\u00a0\u00bb link=\u00a0\u00bbhttps:\/\/oceansupercluster.ca\/wp-content\/uploads\/Ambition-2035_Arctic-Roundtable_French.pdf\u00a0\u00bb][\/vc_column_inner][vc_column_inner width=\u00a0\u00bb1\/5&Prime;][vc_single_image image=\u00a0\u00bb16940&Prime; img_size=\u00a0\u00bblarge\u00a0\u00bb alignment=\u00a0\u00bbcenter\u00a0\u00bb onclick=\u00a0\u00bbcustom_link\u00a0\u00bb img_link_target=\u00a0\u00bb_blank\u00a0\u00bb css=\u00a0\u00bb\u00a0\u00bb link=\u00a0\u00bbhttps:\/\/oceansupercluster.ca\/wp-content\/uploads\/Energie-Eolienne-En-Mer-Du-Canada.pdf\u00a0\u00bb][\/vc_column_inner][\/vc_row_inner][\/vc_column][\/vc_row][\/vc_section]<\/p><\/div>\n<\/div>","protected":false},"excerpt":{"rendered":"<p>[vc_section css=\u00a0\u00bb.vc_custom_1738176113853{padding-top: 75px !important;padding-bottom: 75px !important;}\u00a0\u00bb][vc_row][vc_column width=\u00a0\u00bb1\/4&Prime;][vc_column_text css=\u00a0\u00bb\u00a0\u00bb] \u00c0 propos de l\u2019\u00e9v\u00e9nement [\/vc_column_text][\/vc_column][vc_column width=\u00a0\u00bb3\/4&Prime;][vc_column_text css=\u00a0\u00bb\u00a0\u00bb] Le Sommet Ambition 2035 se tiendra \u00e0 Ottawa du 21 au 23 mai 2025! C\u2019est [&hellip;]<\/p>\n","protected":false},"author":6,"featured_media":16063,"parent":0,"menu_order":0,"comment_status":"closed","ping_status":"closed","template":"","meta":{"_acf_changed":false,"footnotes":""},"class_list":["post-17619","page","type-page","status-publish","has-post-thumbnail","hentry"],"acf":[],"_links":{"self":[{"href":"https:\/\/oceansupercluster.ca\/fr\/wp-json\/wp\/v2\/pages\/17619","targetHints":{"allow":["GET"]}}],"collection":[{"href":"https:\/\/oceansupercluster.ca\/fr\/wp-json\/wp\/v2\/pages"}],"about":[{"href":"https:\/\/oceansupercluster.ca\/fr\/wp-json\/wp\/v2\/types\/page"}],"author":[{"embeddable":true,"href":"https:\/\/oceansupercluster.ca\/fr\/wp-json\/wp\/v2\/users\/6"}],"replies":[{"embeddable":true,"href":"https:\/\/oceansupercluster.ca\/fr\/wp-json\/wp\/v2\/comments?post=17619"}],"version-history":[{"count":40,"href":"https:\/\/oceansupercluster.ca\/fr\/wp-json\/wp\/v2\/pages\/17619\/revisions"}],"predecessor-version":[{"id":19269,"href":"https:\/\/oceansupercluster.ca\/fr\/wp-json\/wp\/v2\/pages\/17619\/revisions\/19269"}],"wp:featuredmedia":[{"embeddable":true,"href":"https:\/\/oceansupercluster.ca\/fr\/wp-json\/wp\/v2\/media\/16063"}],"wp:attachment":[{"href":"https:\/\/oceansupercluster.ca\/fr\/wp-json\/wp\/v2\/media?parent=17619"}],"curies":[{"name":"wp","href":"https:\/\/api.w.org\/{rel}","templated":true}]}}