{"id":18954,"date":"2025-05-09T11:10:20","date_gmt":"2025-05-09T11:10:20","guid":{"rendered":"https:\/\/oceansupercluster.ca\/?page_id=18954"},"modified":"2025-07-22T15:00:37","modified_gmt":"2025-07-22T15:00:37","slug":"icic","status":"publish","type":"page","link":"https:\/\/oceansupercluster.ca\/fr\/icic\/","title":{"rendered":"Defi d&rsquo;innovation c\u00f4ti\u00e8re autochtone"},"content":{"rendered":"<div class=\"wpb-content-wrapper\"><div class=\"g-container\">[vc_section css=\u00a0\u00bb.vc_custom_1723145191145{padding-bottom: 50px !important;}\u00a0\u00bb][vc_row][vc_column width=\u00a0\u00bb1\/4&Prime;][vc_column_text css_animation=\u00a0\u00bbleft-to-right\u00a0\u00bb css=\u00a0\u00bb.vc_custom_1747329213879{padding-right: 50px !important;}\u00a0\u00bb]<\/p>\n<h2>Defi d&rsquo;innovation c\u00f4ti\u00e8re autochtone<\/h2>\n<p>[\/vc_column_text][\/vc_column][vc_column width=\u00a0\u00bb3\/4&Prime;][vc_row_inner][vc_column_inner width=\u00a0\u00bb1\/2&Prime;][vc_column_text css=\u00a0\u00bb\u00a0\u00bb]<\/p>\n<h3><strong>Introduction<\/strong><\/h3>\n<p>Le D\u00e9fi d\u2019innovation c\u00f4ti\u00e8re autochtone (ICIC) appuie les projets de r\u00e9silience climatique dirig\u00e9s par des autochtones dans les collectivit\u00e9s c\u00f4ti\u00e8res \u00e0 travers le Canada. Align\u00e9 sur Ambition 2035, le d\u00e9fi donne la priorit\u00e9 aux solutions communautaires et vise \u00e0 r\u00e9duire les obstacles pour les participants autochtones. Le d\u00e9fi vient ainsi appuyer des projets qui favorisent la sant\u00e9 des oc\u00e9ans et renforcer la capacit\u00e9 d\u2019une collectivit\u00e9 \u00e0 att\u00e9nuer les effets des changements climatiques ou \u00e0 s\u2019y adapter. Se fondant sur l\u2019Initiative Vision des deux yeux de SOC, le d\u00e9fi ICIC suit un mod\u00e8le en deux phases pour faciliter \u00e0 la fois l\u2019\u00e9laboration du concept de projet et le d\u00e9ploiement du projet.<\/p>\n<h4>Phase 1 : D\u00e9veloppement de concept<\/h4>\n<p>La Phase 1 se d\u00e9roule du 1er septembre 2025 au 31 janvier 2026 et comporte le d\u00e9veloppement initial des id\u00e9es de projet. Cette phase est con\u00e7ue pour aider les communaut\u00e9s \u00e0 fa\u00e7onner, \u00e0 affiner et \u00e0 pr\u00e9parer leurs concepts en vue d\u2019une future mise en \u0153uvre.<br \/>\nLes projets participants :<\/p>\n<ul>\n<li>Recevront du financement pour les activit\u00e9s admissibles, comme la participation communautaire, les analyses environnementales, les \u00e9valuations techniques et la planification;<\/li>\n<li>Mettront l\u2019accent sur l\u2019\u00e9tablissement d\u2019une base solide pour la transition vers le d\u00e9ploiement complet du projet au cours de la Phase 2;<\/li>\n<li>Participeront \u00e0 des \u00e9v\u00e9nements virtuels qui offrent l\u2019occasion de se connecter avec d\u2019autres \u00e9quipes de projet, de partager des connaissances et de renforcer les capacit\u00e9s.<\/li>\n<\/ul>\n<h4>Phase 2 : D\u00e9ploiement du projet<\/h4>\n<p>La Phase 2 se d\u00e9roule du 1er avril 2026 au 31 octobre 2027 et comporte la mise en \u0153uvre des projets qui terminent la Phase 1 avec succ\u00e8s.<br \/>\nLes projets participants :<\/p>\n<ul>\n<li>Recevront un financement suppl\u00e9mentaire align\u00e9 sur nos volets de programme de Leadership technologique et d\u2019\u00c9cosyst\u00e8me de l\u2019innovation;<\/li>\n<li>Mettront l\u2019accent sur l\u2019obtention de r\u00e9sultats tangibles et communautaires qui renforcent le leadership climatique autochtone et la r\u00e9silience dans les r\u00e9gions c\u00f4ti\u00e8res;<\/li>\n<li>Participeront \u00e0 un \u00e9v\u00e9nement en personne con\u00e7u pour favoriser la collaboration, l\u2019apprentissage et la c\u00e9l\u00e9bration entre les \u00e9quipes de projet.<\/li>\n<\/ul>\n<h3>La r\u00e9ception des demandes pour le D\u00e9fi d\u2019innovation c\u00f4ti\u00e8re autochtone est maintenant termin\u00e9e.<\/h3>\n<p>[\/vc_column_text][\/vc_column_inner][vc_column_inner width=\u00a0\u00bb1\/2&Prime;][vc_single_image image=\u00a0\u00bb18985&Prime; img_size=\u00a0\u00bblarge\u00a0\u00bb onclick=\u00a0\u00bbcustom_link\u00a0\u00bb img_link_target=\u00a0\u00bb_blank\u00a0\u00bb css=\u00a0\u00bb.vc_custom_1747329238052{padding-left: 50px !important;}\u00a0\u00bb][\/vc_column_inner][\/vc_row_inner][vc_separator css=\u00a0\u00bb.vc_custom_1723139788775{padding-bottom: 35px !important;}\u00a0\u00bb][vc_column_text css=\u00a0\u00bb\u00a0\u00bb]<\/p>\n<h3><strong>Communiquez avec nous<\/strong><\/h3>\n<p>Les questions concernant le programme de l\u2019ICIC et le processus de soumission de propositions peuvent \u00eatre envoy\u00e9es par courriel \u00e0 <u><a href=\"mailto:icic@oceansupercluster.ca\">icic@oceansupercluster.ca<\/a><\/u>[\/vc_column_text][vc_separator css=\u00a0\u00bb.vc_custom_1723139788775{padding-bottom: 35px !important;}\u00a0\u00bb][\/vc_column][\/vc_row][\/vc_section][vc_row][vc_column][vc_video link=\u00a0\u00bbhttps:\/\/youtu.be\/OqPivPjSjrA\u00a0\u00bb el_width=\u00a0\u00bb50&Prime; align=\u00a0\u00bbcenter\u00a0\u00bb css=\u00a0\u00bb\u00a0\u00bb][\/vc_column][\/vc_row]<\/div>\n<\/div>","protected":false},"excerpt":{"rendered":"<p>[vc_section css=\u00a0\u00bb.vc_custom_1723145191145{padding-bottom: 50px !important;}\u00a0\u00bb][vc_row][vc_column width=\u00a0\u00bb1\/4&Prime;][vc_column_text css_animation=\u00a0\u00bbleft-to-right\u00a0\u00bb css=\u00a0\u00bb.vc_custom_1747329213879{padding-right: 50px !important;}\u00a0\u00bb] Defi d&rsquo;innovation c\u00f4ti\u00e8re autochtone [\/vc_column_text][\/vc_column][vc_column width=\u00a0\u00bb3\/4&Prime;][vc_row_inner][vc_column_inner width=\u00a0\u00bb1\/2&Prime;][vc_column_text css=\u00a0\u00bb\u00a0\u00bb] Introduction Le D\u00e9fi d\u2019innovation c\u00f4ti\u00e8re autochtone (ICIC) appuie les projets de r\u00e9silience climatique [&hellip;]<\/p>\n","protected":false},"author":6,"featured_media":18451,"parent":0,"menu_order":0,"comment_status":"closed","ping_status":"closed","template":"","meta":{"_acf_changed":false,"footnotes":""},"class_list":["post-18954","page","type-page","status-publish","has-post-thumbnail","hentry"],"acf":[],"_links":{"self":[{"href":"https:\/\/oceansupercluster.ca\/fr\/wp-json\/wp\/v2\/pages\/18954","targetHints":{"allow":["GET"]}}],"collection":[{"href":"https:\/\/oceansupercluster.ca\/fr\/wp-json\/wp\/v2\/pages"}],"about":[{"href":"https:\/\/oceansupercluster.ca\/fr\/wp-json\/wp\/v2\/types\/page"}],"author":[{"embeddable":true,"href":"https:\/\/oceansupercluster.ca\/fr\/wp-json\/wp\/v2\/users\/6"}],"replies":[{"embeddable":true,"href":"https:\/\/oceansupercluster.ca\/fr\/wp-json\/wp\/v2\/comments?post=18954"}],"version-history":[{"count":29,"href":"https:\/\/oceansupercluster.ca\/fr\/wp-json\/wp\/v2\/pages\/18954\/revisions"}],"predecessor-version":[{"id":19832,"href":"https:\/\/oceansupercluster.ca\/fr\/wp-json\/wp\/v2\/pages\/18954\/revisions\/19832"}],"wp:featuredmedia":[{"embeddable":true,"href":"https:\/\/oceansupercluster.ca\/fr\/wp-json\/wp\/v2\/media\/18451"}],"wp:attachment":[{"href":"https:\/\/oceansupercluster.ca\/fr\/wp-json\/wp\/v2\/media?parent=18954"}],"curies":[{"name":"wp","href":"https:\/\/api.w.org\/{rel}","templated":true}]}}