{"id":509,"date":"2023-03-10T11:29:00","date_gmt":"2023-03-10T11:29:00","guid":{"rendered":"http:\/\/SITEURL\/who-we-are\/about\/"},"modified":"2026-04-23T18:38:00","modified_gmt":"2026-04-23T18:38:00","slug":"a-propos","status":"publish","type":"page","link":"https:\/\/oceansupercluster.ca\/fr\/qui-nous-sommes\/a-propos\/","title":{"rendered":"\u00c0 PROPOS DE SOC"},"content":{"rendered":"<div class=\"wpb-content-wrapper\"><div class=\"g-container\">[vc_section full_width=\u00a0\u00bbstretch_row\u00a0\u00bb css=\u00a0\u00bb.vc_custom_1776965072921{padding-top: 50px !important;padding-bottom: 50px !important;background-color: #FFFFFF !important;}\u00a0\u00bb][vc_row][vc_column width=\u00a0\u00bb1\/6&Prime;][\/vc_column][vc_column width=\u00a0\u00bb2\/3&Prime;][vc_column_text css=\u00a0\u00bb.vc_custom_1776965102236{padding-bottom: 25px !important;}\u00a0\u00bb]<\/p>\n<h2 style=\"text-align: center;\"><span style=\"color: #5abeda;\"><strong>\u00c0 propos de Supergrappe des oc\u00e9ans du Canada<\/strong><\/span><\/h2>\n<p style=\"text-align: center;\">Le d\u00e9veloppement durable de nos oc\u00e9ans constitue l\u2019une des occasions les plus importantes de notre \u00e9poque. Supergrappe des oc\u00e9ans du Canada (SOC) est un catalyseur de la croissance transformatrice et de l\u2019avancement du leadership mondial du Canada dans l\u2019\u00e9conomie bleue durable.<\/p>\n<p style=\"text-align: center;\">SOC est une grappe oc\u00e9anique nationale dirig\u00e9e par l\u2019industrie qui rassemble des entreprises en d\u00e9marrage, des entreprises en expansion ainsi que des organisations \u00e9tablies d\u2019un oc\u00e9an \u00e0 l\u2019autre dans les secteurs de la p\u00eache, de l\u2019aquaculture, des bioressources, des ressources extrac\u00f4ti\u00e8res, des \u00e9nergies marines renouvelables, de la d\u00e9fense, des transports et des technologies oc\u00e9aniques afin d\u2019acc\u00e9l\u00e9rer la commercialisation de solutions oc\u00e9aniques canadiennes de pointe qui s\u2019attaquent \u00e0 certains des plus grands d\u00e9fis mondiaux.<\/p>\n<p>[\/vc_column_text][vc_video link=\u00a0\u00bbhttps:\/\/www.youtube.com\/watch?v=18iEEme5ap4&Prime; el_width=\u00a0\u00bb80&Prime; align=\u00a0\u00bbcenter\u00a0\u00bb css=\u00a0\u00bb\u00a0\u00bb][\/vc_column][vc_column width=\u00a0\u00bb1\/6&Prime;][\/vc_column][\/vc_row][\/vc_section][vc_section full_width=\u00a0\u00bbstretch_row\u00a0\u00bb css=\u00a0\u00bb.vc_custom_1776964860103{padding-top: 75px !important;padding-bottom: 50px !important;background-color: #E5F8FB !important;}\u00a0\u00bb][vc_row][vc_column width=\u00a0\u00bb1\/2&Prime;][vc_column_text css=\u00a0\u00bb.vc_custom_1776964580136{padding-right: 75px !important;}\u00a0\u00bb]<\/p>\n<h2><strong>Faire cro\u00eetre l\u2019\u00e9conomie oc\u00e9anique du Canada<\/strong><\/h2>\n<p>Pour soutenir cette croissance, la grappe se concentre \u00e9galement sur le d\u00e9veloppement d\u2019un \u00e9cosyst\u00e8me robuste, y compris un plus grand nombre d\u2019entreprises oc\u00e9aniques en d\u00e9marrage et en expansion, la mobilisation des communaut\u00e9s pour cerner les d\u00e9fis et les solutions, la mobilisation des Autochtones et des groupes sous-repr\u00e9sent\u00e9s et la cr\u00e9ation de la main-d\u2019\u0153uvre qualifi\u00e9e et diversifi\u00e9e n\u00e9cessaire.<\/p>\n<p>Supergrappe des oc\u00e9ans du Canada accro\u00eet \u00e9galement sa pr\u00e9sence dans les march\u00e9s \u00e9mergents et \u00e9tablis du monde entier. La grappe a \u00e9tabli de nombreux partenariats strat\u00e9giques internationaux qui viennent offre de nouvelles possibilit\u00e9s de collaboration et de commercialisation \u00e0 ses membres, tout en racontant l\u2019histoire de l\u2019oc\u00e9an du Canada au monde entier.[\/vc_column_text][\/vc_column][vc_column width=\u00a0\u00bb1\/2&Prime;][vc_row_inner css=\u00a0\u00bb.vc_custom_1776964774240{padding-bottom: 25px !important;}\u00a0\u00bb][vc_column_inner width=\u00a0\u00bb1\/6&Prime;][vc_icon icon_fontawesome=\u00a0\u00bbfa fa-regular fa-eye\u00a0\u00bb color=\u00a0\u00bbcustom\u00a0\u00bb background_style=\u00a0\u00bbrounded\u00a0\u00bb background_color=\u00a0\u00bbcustom\u00a0\u00bb align=\u00a0\u00bbcenter\u00a0\u00bb css=\u00a0\u00bb\u00a0\u00bb custom_color=\u00a0\u00bb#5ABEDA\u00a0\u00bb custom_background_color=\u00a0\u00bb#152E3F\u00a0\u00bb][\/vc_column_inner][vc_column_inner width=\u00a0\u00bb5\/6&Prime;][vc_column_text css=\u00a0\u00bb\u00a0\u00bb]<\/p>\n<h4><span style=\"color: #5abeda;\"><strong>Vision<\/strong><\/span><\/h4>\n<p>Acc\u00e9l\u00e9rer la cr\u00e9ation de solutions pour saisir les possibilit\u00e9s mondiales des oc\u00e9ans en b\u00e2tissant une \u00e9conomie canadienne plus forte et une plan\u00e8te plus saine.[\/vc_column_text][\/vc_column_inner][\/vc_row_inner][vc_row_inner css=\u00a0\u00bb.vc_custom_1776964774240{padding-bottom: 25px !important;}\u00a0\u00bb][vc_column_inner width=\u00a0\u00bb1\/6&Prime;][vc_icon icon_fontawesome=\u00a0\u00bbfa fa-solid fa-chart-line\u00a0\u00bb color=\u00a0\u00bbcustom\u00a0\u00bb background_style=\u00a0\u00bbrounded\u00a0\u00bb background_color=\u00a0\u00bbcustom\u00a0\u00bb align=\u00a0\u00bbcenter\u00a0\u00bb css=\u00a0\u00bb\u00a0\u00bb custom_color=\u00a0\u00bb#5ABEDA\u00a0\u00bb custom_background_color=\u00a0\u00bb#152E3F\u00a0\u00bb][\/vc_column_inner][vc_column_inner width=\u00a0\u00bb5\/6&Prime;][vc_column_text css=\u00a0\u00bb\u00a0\u00bb]<\/p>\n<h4><span style=\"color: #5abeda;\"><strong>Mission<\/strong><\/span><\/h4>\n<p>Stimuler la croissance de l&rsquo;\u00e9conomie oc\u00e9anique du Canada, cr\u00e9er des solutions collaboratives, b\u00e2tir une marque oc\u00e9anique mondiale forte, relier les communaut\u00e9s oc\u00e9aniques et former la main-d&rsquo;\u0153uvre oc\u00e9anique diversifi\u00e9e du Canada.[\/vc_column_text][\/vc_column_inner][\/vc_row_inner][vc_row_inner css=\u00a0\u00bb.vc_custom_1776964774240{padding-bottom: 25px !important;}\u00a0\u00bb][vc_column_inner width=\u00a0\u00bb1\/6&Prime;][vc_icon icon_fontawesome=\u00a0\u00bbfa fa-solid fa-hands-holding-circle\u00a0\u00bb color=\u00a0\u00bbcustom\u00a0\u00bb background_style=\u00a0\u00bbrounded\u00a0\u00bb background_color=\u00a0\u00bbcustom\u00a0\u00bb align=\u00a0\u00bbcenter\u00a0\u00bb css=\u00a0\u00bb\u00a0\u00bb custom_color=\u00a0\u00bb#5ABEDA\u00a0\u00bb custom_background_color=\u00a0\u00bb#152E3F\u00a0\u00bb][\/vc_column_inner][vc_column_inner width=\u00a0\u00bb5\/6&Prime;][vc_column_text css=\u00a0\u00bb\u00a0\u00bb]<\/p>\n<h4><span style=\"color: #5abeda;\"><strong>Valeurs<\/strong><\/span><\/h4>\n<p>Cr\u00e9ativit\u00e9, inclusion, collaboration et ambition.[\/vc_column_text][\/vc_column_inner][\/vc_row_inner][\/vc_column][\/vc_row][\/vc_section][vc_section css=\u00a0\u00bb.vc_custom_1776965116329{padding-top: 75px !important;padding-bottom: 50px !important;}\u00a0\u00bb][vc_row][vc_column][vc_column_text css=\u00a0\u00bb\u00a0\u00bb]<\/p>\n<h2 style=\"text-align: center;\"><strong>Rapports de l\u2019entreprise<\/strong><\/h2>\n<p>[\/vc_column_text][\/vc_column][\/vc_row][vc_row css=\u00a0\u00bb.vc_custom_1776965150118{padding-top: 25px !important;padding-bottom: 25px !important;}\u00a0\u00bb][vc_column][vc_row_inner][vc_column_inner width=\u00a0\u00bb1\/4&Prime;][vc_single_image image=\u00a0\u00bb13804&Prime; img_size=\u00a0\u00bbmedium\u00a0\u00bb onclick=\u00a0\u00bbcustom_link\u00a0\u00bb img_link_target=\u00a0\u00bb_blank\u00a0\u00bb css=\u00a0\u00bb\u00a0\u00bb link=\u00a0\u00bb\/wp-content\/uploads\/OSC-Corporate-Strategy-Fr-2023-2028.pdf\u00a0\u00bb][\/vc_column_inner][vc_column_inner width=\u00a0\u00bb1\/4&Prime;][vc_single_image image=\u00a0\u00bb20331&Prime; img_size=\u00a0\u00bbmedium\u00a0\u00bb add_caption=\u00a0\u00bbyes\u00a0\u00bb onclick=\u00a0\u00bbcustom_link\u00a0\u00bb img_link_target=\u00a0\u00bb_blank\u00a0\u00bb css=\u00a0\u00bb\u00a0\u00bb link=\u00a0\u00bbhttps:\/\/oceansupercluster.ca\/wp-content\/uploads\/Annual-Report_2024-25_Fr.pdf\u00a0\u00bb][\/vc_column_inner][vc_column_inner width=\u00a0\u00bb1\/4&Prime;][vc_single_image image=\u00a0\u00bb19391&Prime; img_size=\u00a0\u00bbmedium\u00a0\u00bb add_caption=\u00a0\u00bbyes\u00a0\u00bb onclick=\u00a0\u00bbcustom_link\u00a0\u00bb img_link_target=\u00a0\u00bb_blank\u00a0\u00bb css=\u00a0\u00bb\u00a0\u00bb link=\u00a0\u00bbhttps:\/\/oceansupercluster.ca\/wp-content\/uploads\/Corporate-Plan-2025_Fr_0819.pdf\u00a0\u00bb][\/vc_column_inner][vc_column_inner width=\u00a0\u00bb1\/4&Prime;][vc_single_image image=\u00a0\u00bb13810&Prime; img_size=\u00a0\u00bbmedium\u00a0\u00bb add_caption=\u00a0\u00bbyes\u00a0\u00bb onclick=\u00a0\u00bbcustom_link\u00a0\u00bb img_link_target=\u00a0\u00bb_blank\u00a0\u00bb css=\u00a0\u00bb\u00a0\u00bb link=\u00a0\u00bb\/wp-content\/uploads\/FR_OSC-Ambition-2035.pdf\u00a0\u00bb][\/vc_column_inner][\/vc_row_inner][\/vc_column][\/vc_row][vc_row][vc_column][vc_column_text css=\u00a0\u00bb\u00a0\u00bb]<\/p>\n<p style=\"text-align: center;\">Acc\u00e9dez \u00e0 nos archives d\u2019entreprise <a href=\"https:\/\/oceansupercluster.ca\/fr\/archives\/\">ici<\/a> et consultez notre Politique de SOC <a href=\"https:\/\/oceansupercluster.ca\/wp-content\/uploads\/OSC-Whistleblower-Policy-March-22-2024-FR.pdf\">ici<\/a>.<\/p>\n<p>[\/vc_column_text][\/vc_column][\/vc_row][\/vc_section][vc_section full_width=\u00a0\u00bbstretch_row\u00a0\u00bb css=\u00a0\u00bb.vc_custom_1776965553743{padding-top: 75px !important;padding-bottom: 50px !important;background-color: #E5F8FB !important;}\u00a0\u00bb][vc_row][vc_column width=\u00a0\u00bb1\/6&Prime;][\/vc_column][vc_column width=\u00a0\u00bb2\/3&Prime;][vc_column_text css=\u00a0\u00bb\u00a0\u00bb]<\/p>\n<h4 style=\"text-align: center;\">Vous cherchez \u00e0 rester connect\u00e9?<\/h4>\n<p>[\/vc_column_text][vc_btn title=\u00a0\u00bbSuivez-nous sur LinkedIn\u00a0\u00bb style=\u00a0\u00bbflat\u00a0\u00bb shape=\u00a0\u00bbsquare\u00a0\u00bb color=\u00a0\u00bbinfo\u00a0\u00bb align=\u00a0\u00bbcenter\u00a0\u00bb css=\u00a0\u00bb\u00a0\u00bb link=\u00a0\u00bburl:https%3A%2F%2Fwww.linkedin.com%2Fcompany%2Fcanada-s-ocean-supercluster|target:_blank\u00a0\u00bb el_class=\u00a0\u00bbvbtn\u00a0\u00bb][\/vc_column][vc_column width=\u00a0\u00bb1\/6&Prime;][\/vc_column][\/vc_row][\/vc_section]<\/p><\/div>\n<\/div>","protected":false},"excerpt":{"rendered":"<p>[vc_section full_width=\u00a0\u00bbstretch_row\u00a0\u00bb css=\u00a0\u00bb.vc_custom_1776965072921{padding-top: 50px !important;padding-bottom: 50px !important;background-color: #FFFFFF !important;}\u00a0\u00bb][vc_row][vc_column width=\u00a0\u00bb1\/6&Prime;][\/vc_column][vc_column width=\u00a0\u00bb2\/3&Prime;][vc_column_text css=\u00a0\u00bb.vc_custom_1776965102236{padding-bottom: 25px !important;}\u00a0\u00bb] \u00c0 propos de Supergrappe des oc\u00e9ans du Canada Le d\u00e9veloppement durable de nos oc\u00e9ans constitue l\u2019une [&hellip;]<\/p>\n","protected":false},"author":1,"featured_media":21284,"parent":488,"menu_order":0,"comment_status":"closed","ping_status":"closed","template":"","meta":{"_acf_changed":false,"footnotes":""},"class_list":["post-509","page","type-page","status-publish","has-post-thumbnail","hentry"],"acf":[],"_links":{"self":[{"href":"https:\/\/oceansupercluster.ca\/fr\/wp-json\/wp\/v2\/pages\/509","targetHints":{"allow":["GET"]}}],"collection":[{"href":"https:\/\/oceansupercluster.ca\/fr\/wp-json\/wp\/v2\/pages"}],"about":[{"href":"https:\/\/oceansupercluster.ca\/fr\/wp-json\/wp\/v2\/types\/page"}],"author":[{"embeddable":true,"href":"https:\/\/oceansupercluster.ca\/fr\/wp-json\/wp\/v2\/users\/1"}],"replies":[{"embeddable":true,"href":"https:\/\/oceansupercluster.ca\/fr\/wp-json\/wp\/v2\/comments?post=509"}],"version-history":[{"count":7,"href":"https:\/\/oceansupercluster.ca\/fr\/wp-json\/wp\/v2\/pages\/509\/revisions"}],"predecessor-version":[{"id":21287,"href":"https:\/\/oceansupercluster.ca\/fr\/wp-json\/wp\/v2\/pages\/509\/revisions\/21287"}],"up":[{"embeddable":true,"href":"https:\/\/oceansupercluster.ca\/fr\/wp-json\/wp\/v2\/pages\/488"}],"wp:featuredmedia":[{"embeddable":true,"href":"https:\/\/oceansupercluster.ca\/fr\/wp-json\/wp\/v2\/media\/21284"}],"wp:attachment":[{"href":"https:\/\/oceansupercluster.ca\/fr\/wp-json\/wp\/v2\/media?parent=509"}],"curies":[{"name":"wp","href":"https:\/\/api.w.org\/{rel}","templated":true}]}}